{"id":64954,"date":"2023-10-04T13:03:37","date_gmt":"2023-10-04T11:03:37","guid":{"rendered":"https:\/\/filminstitut.at\/?post_type=movie&#038;p=64954"},"modified":"2026-03-23T07:46:11","modified_gmt":"2026-03-23T06:46:11","slug":"woodwalkers","status":"publish","type":"movie","link":"https:\/\/filminstitut.at\/en\/movies\/woodwalkers","title":{"rendered":"Woodwalkers"},"content":{"rendered":"","protected":false},"author":25,"featured_media":69201,"template":"","director":[],"producer":[5682],"genre":[9308],"fond":[6191,6193,6201],"distributor":[],"rental":[9066],"movie-category":[5663],"tag":[10052],"funding_program":[9991,9992],"incentive":[],"class_list":["post-64954","movie","type-movie","status-publish","has-post-thumbnail","hentry","producer-dor-film-produktionsgesellschaft-mbh-en","genre-adventure","fond-filminstitut-en","fond-filmfonds-wien-en","fond-cine-tirol-en","rental-constantin-studio-canal","movie-category-feature-film-en","tag-green-filming"],"acf":[],"yoast_head":"<!-- This site is optimized with the Yoast SEO plugin v27.5 - https:\/\/yoast.com\/product\/yoast-seo-wordpress\/ -->\n<title>Woodwalkers - \u00d6sterreichisches Filminstitut<\/title>\n<meta name=\"robots\" content=\"index, follow, max-snippet:-1, max-image-preview:large, max-video-preview:-1\" \/>\n<link rel=\"canonical\" href=\"https:\/\/filminstitut.at\/en\/movies\/woodwalkers\" \/>\n<meta property=\"og:locale\" content=\"en_US\" \/>\n<meta property=\"og:type\" content=\"article\" \/>\n<meta property=\"og:title\" content=\"Woodwalkers - \u00d6sterreichisches Filminstitut\" \/>\n<meta property=\"og:url\" content=\"https:\/\/filminstitut.at\/en\/movies\/woodwalkers\" \/>\n<meta property=\"og:site_name\" content=\"\u00d6sterreichisches Filminstitut\" \/>\n<meta property=\"article:publisher\" content=\"https:\/\/www.facebook.com\/filminstitut\" \/>\n<meta property=\"article:modified_time\" content=\"2026-03-23T06:46:11+00:00\" \/>\n<meta property=\"og:image\" content=\"https:\/\/filminstitut.at\/wp-content\/uploads\/2023\/03\/Woodwalkers-Poster-Main-Germany-Woodwalkers-Hauptposter-German-DIN-A3-sRGB-jpg-724x1024.jpg\" \/>\n\t<meta property=\"og:image:width\" content=\"724\" \/>\n\t<meta property=\"og:image:height\" content=\"1024\" \/>\n\t<meta property=\"og:image:type\" content=\"image\/jpeg\" \/>\n<meta name=\"twitter:card\" content=\"summary_large_image\" \/>\n<script type=\"application\/ld+json\" class=\"yoast-schema-graph\">{\"@context\":\"https:\\\/\\\/schema.org\",\"@graph\":[{\"@type\":\"WebPage\",\"@id\":\"https:\\\/\\\/filminstitut.at\\\/en\\\/movies\\\/woodwalkers\",\"url\":\"https:\\\/\\\/filminstitut.at\\\/en\\\/movies\\\/woodwalkers\",\"name\":\"Woodwalkers - \u00d6sterreichisches Filminstitut\",\"isPartOf\":{\"@id\":\"https:\\\/\\\/filminstitut.at\\\/en#website\"},\"primaryImageOfPage\":{\"@id\":\"https:\\\/\\\/filminstitut.at\\\/en\\\/movies\\\/woodwalkers#primaryimage\"},\"image\":{\"@id\":\"https:\\\/\\\/filminstitut.at\\\/en\\\/movies\\\/woodwalkers#primaryimage\"},\"thumbnailUrl\":\"https:\\\/\\\/filminstitut.at\\\/wp-content\\\/uploads\\\/2023\\\/03\\\/Woodwalkers-Poster-Main-Germany-Woodwalkers-Hauptposter-German-DIN-A3-sRGB-jpg.jpg\",\"datePublished\":\"2023-10-04T11:03:37+00:00\",\"dateModified\":\"2026-03-23T06:46:11+00:00\",\"breadcrumb\":{\"@id\":\"https:\\\/\\\/filminstitut.at\\\/en\\\/movies\\\/woodwalkers#breadcrumb\"},\"inLanguage\":\"en\",\"potentialAction\":[{\"@type\":\"ReadAction\",\"target\":[\"https:\\\/\\\/filminstitut.at\\\/en\\\/movies\\\/woodwalkers\"]}]},{\"@type\":\"ImageObject\",\"inLanguage\":\"en\",\"@id\":\"https:\\\/\\\/filminstitut.at\\\/en\\\/movies\\\/woodwalkers#primaryimage\",\"url\":\"https:\\\/\\\/filminstitut.at\\\/wp-content\\\/uploads\\\/2023\\\/03\\\/Woodwalkers-Poster-Main-Germany-Woodwalkers-Hauptposter-German-DIN-A3-sRGB-jpg.jpg\",\"contentUrl\":\"https:\\\/\\\/filminstitut.at\\\/wp-content\\\/uploads\\\/2023\\\/03\\\/Woodwalkers-Poster-Main-Germany-Woodwalkers-Hauptposter-German-DIN-A3-sRGB-jpg.jpg\",\"width\":1754,\"height\":2480},{\"@type\":\"BreadcrumbList\",\"@id\":\"https:\\\/\\\/filminstitut.at\\\/en\\\/movies\\\/woodwalkers#breadcrumb\",\"itemListElement\":[{\"@type\":\"ListItem\",\"position\":1,\"name\":\"Home\",\"item\":\"https:\\\/\\\/filminstitut.at\\\/en\"},{\"@type\":\"ListItem\",\"position\":2,\"name\":\"Filme\",\"item\":\"https:\\\/\\\/filminstitut.at\\\/en\\\/movies\"},{\"@type\":\"ListItem\",\"position\":3,\"name\":\"Woodwalkers\"}]},{\"@type\":\"WebSite\",\"@id\":\"https:\\\/\\\/filminstitut.at\\\/en#website\",\"url\":\"https:\\\/\\\/filminstitut.at\\\/en\",\"name\":\"\u00d6sterreichisches Filminstitut\",\"description\":\"Das \u00d6sterreichische Filminstitut ist die bundesweite F\u00f6rderstelle und Kompetenzzentrum f\u00fcr den Kinofilm.\",\"publisher\":{\"@id\":\"https:\\\/\\\/filminstitut.at\\\/en#organization\"},\"potentialAction\":[{\"@type\":\"SearchAction\",\"target\":{\"@type\":\"EntryPoint\",\"urlTemplate\":\"https:\\\/\\\/filminstitut.at\\\/en?s={search_term_string}\"},\"query-input\":{\"@type\":\"PropertyValueSpecification\",\"valueRequired\":true,\"valueName\":\"search_term_string\"}}],\"inLanguage\":\"en\"},{\"@type\":\"Organization\",\"@id\":\"https:\\\/\\\/filminstitut.at\\\/en#organization\",\"name\":\"\u00d6sterreichisches Filminstitut\",\"url\":\"https:\\\/\\\/filminstitut.at\\\/en\",\"logo\":{\"@type\":\"ImageObject\",\"inLanguage\":\"en\",\"@id\":\"https:\\\/\\\/filminstitut.at\\\/en#\\\/schema\\\/logo\\\/image\\\/\",\"url\":\"https:\\\/\\\/filminstitut.at\\\/wp-content\\\/uploads\\\/2025\\\/09\\\/OeFI_Logo_pos-scaled.jpg\",\"contentUrl\":\"https:\\\/\\\/filminstitut.at\\\/wp-content\\\/uploads\\\/2025\\\/09\\\/OeFI_Logo_pos-scaled.jpg\",\"width\":2560,\"height\":694,\"caption\":\"\u00d6sterreichisches Filminstitut\"},\"image\":{\"@id\":\"https:\\\/\\\/filminstitut.at\\\/en#\\\/schema\\\/logo\\\/image\\\/\"},\"sameAs\":[\"https:\\\/\\\/www.facebook.com\\\/filminstitut\",\"https:\\\/\\\/at.linkedin.com\\\/company\\\/sterreichisches-filminstitut\",\"https:\\\/\\\/www.instagram.com\\\/filminstitut\"]}]}<\/script>\n<!-- \/ Yoast SEO plugin. -->","yoast_head_json":{"title":"Woodwalkers - \u00d6sterreichisches Filminstitut","robots":{"index":"index","follow":"follow","max-snippet":"max-snippet:-1","max-image-preview":"max-image-preview:large","max-video-preview":"max-video-preview:-1"},"canonical":"https:\/\/filminstitut.at\/en\/movies\/woodwalkers","og_locale":"en_US","og_type":"article","og_title":"Woodwalkers - \u00d6sterreichisches Filminstitut","og_url":"https:\/\/filminstitut.at\/en\/movies\/woodwalkers","og_site_name":"\u00d6sterreichisches Filminstitut","article_publisher":"https:\/\/www.facebook.com\/filminstitut","article_modified_time":"2026-03-23T06:46:11+00:00","og_image":[{"width":724,"height":1024,"url":"https:\/\/filminstitut.at\/wp-content\/uploads\/2023\/03\/Woodwalkers-Poster-Main-Germany-Woodwalkers-Hauptposter-German-DIN-A3-sRGB-jpg-724x1024.jpg","type":"image\/jpeg"}],"twitter_card":"summary_large_image","schema":{"@context":"https:\/\/schema.org","@graph":[{"@type":"WebPage","@id":"https:\/\/filminstitut.at\/en\/movies\/woodwalkers","url":"https:\/\/filminstitut.at\/en\/movies\/woodwalkers","name":"Woodwalkers - \u00d6sterreichisches Filminstitut","isPartOf":{"@id":"https:\/\/filminstitut.at\/en#website"},"primaryImageOfPage":{"@id":"https:\/\/filminstitut.at\/en\/movies\/woodwalkers#primaryimage"},"image":{"@id":"https:\/\/filminstitut.at\/en\/movies\/woodwalkers#primaryimage"},"thumbnailUrl":"https:\/\/filminstitut.at\/wp-content\/uploads\/2023\/03\/Woodwalkers-Poster-Main-Germany-Woodwalkers-Hauptposter-German-DIN-A3-sRGB-jpg.jpg","datePublished":"2023-10-04T11:03:37+00:00","dateModified":"2026-03-23T06:46:11+00:00","breadcrumb":{"@id":"https:\/\/filminstitut.at\/en\/movies\/woodwalkers#breadcrumb"},"inLanguage":"en","potentialAction":[{"@type":"ReadAction","target":["https:\/\/filminstitut.at\/en\/movies\/woodwalkers"]}]},{"@type":"ImageObject","inLanguage":"en","@id":"https:\/\/filminstitut.at\/en\/movies\/woodwalkers#primaryimage","url":"https:\/\/filminstitut.at\/wp-content\/uploads\/2023\/03\/Woodwalkers-Poster-Main-Germany-Woodwalkers-Hauptposter-German-DIN-A3-sRGB-jpg.jpg","contentUrl":"https:\/\/filminstitut.at\/wp-content\/uploads\/2023\/03\/Woodwalkers-Poster-Main-Germany-Woodwalkers-Hauptposter-German-DIN-A3-sRGB-jpg.jpg","width":1754,"height":2480},{"@type":"BreadcrumbList","@id":"https:\/\/filminstitut.at\/en\/movies\/woodwalkers#breadcrumb","itemListElement":[{"@type":"ListItem","position":1,"name":"Home","item":"https:\/\/filminstitut.at\/en"},{"@type":"ListItem","position":2,"name":"Filme","item":"https:\/\/filminstitut.at\/en\/movies"},{"@type":"ListItem","position":3,"name":"Woodwalkers"}]},{"@type":"WebSite","@id":"https:\/\/filminstitut.at\/en#website","url":"https:\/\/filminstitut.at\/en","name":"\u00d6sterreichisches Filminstitut","description":"Das \u00d6sterreichische Filminstitut ist die bundesweite F\u00f6rderstelle und Kompetenzzentrum f\u00fcr den Kinofilm.","publisher":{"@id":"https:\/\/filminstitut.at\/en#organization"},"potentialAction":[{"@type":"SearchAction","target":{"@type":"EntryPoint","urlTemplate":"https:\/\/filminstitut.at\/en?s={search_term_string}"},"query-input":{"@type":"PropertyValueSpecification","valueRequired":true,"valueName":"search_term_string"}}],"inLanguage":"en"},{"@type":"Organization","@id":"https:\/\/filminstitut.at\/en#organization","name":"\u00d6sterreichisches Filminstitut","url":"https:\/\/filminstitut.at\/en","logo":{"@type":"ImageObject","inLanguage":"en","@id":"https:\/\/filminstitut.at\/en#\/schema\/logo\/image\/","url":"https:\/\/filminstitut.at\/wp-content\/uploads\/2025\/09\/OeFI_Logo_pos-scaled.jpg","contentUrl":"https:\/\/filminstitut.at\/wp-content\/uploads\/2025\/09\/OeFI_Logo_pos-scaled.jpg","width":2560,"height":694,"caption":"\u00d6sterreichisches Filminstitut"},"image":{"@id":"https:\/\/filminstitut.at\/en#\/schema\/logo\/image\/"},"sameAs":["https:\/\/www.facebook.com\/filminstitut","https:\/\/at.linkedin.com\/company\/sterreichisches-filminstitut","https:\/\/www.instagram.com\/filminstitut"]}]}},"featured_img":"https:\/\/filminstitut.at\/wp-content\/uploads\/2023\/03\/Woodwalkers-Poster-Main-Germany-Woodwalkers-Hauptposter-German-DIN-A3-sRGB-jpg.jpg","coauthors":[],"author_meta":{"author_link":"https:\/\/filminstitut.at\/en\/author\/martina_kandl","display_name":"Martina Kandl"},"relative_dates":{"created":"Posted 3 years ago","modified":"Updated 1 month ago"},"absolute_dates":{"created":"Posted on 4. October 2023","modified":"Updated on 23. March 2026"},"absolute_dates_time":{"created":"Posted on 4. October 2023 13:03","modified":"Updated on 23. March 2026 7:46"},"featured_img_caption":"","tax_additional":{"director":{"linked":[],"unlinked":[],"slug":"director","name":"Directors"},"producer":{"linked":["<a href=\"https:\/\/filminstitut.at\/en\/producer\/dor-film-produktionsgesellschaft-mbh-en\" class=\"advgb-post-tax-term\">DOR FILM Produktionsgesellschaft m.b.H.<\/a>"],"unlinked":["<span class=\"advgb-post-tax-term\">DOR FILM Produktionsgesellschaft m.b.H.<\/span>"],"slug":"producer","name":"Production"},"genre":{"linked":["<a href=\"https:\/\/filminstitut.at\/en\/genre\/adventure\" class=\"advgb-post-tax-term\">Adventure<\/a>"],"unlinked":["<span class=\"advgb-post-tax-term\">Adventure<\/span>"],"slug":"genre","name":"Genres"},"fond":{"linked":["<a href=\"https:\/\/filminstitut.at\/en\/fond\/filminstitut-en\" class=\"advgb-post-tax-term\">Filminstitut<\/a>","<a href=\"https:\/\/filminstitut.at\/en\/fond\/filmfonds-wien-en\" class=\"advgb-post-tax-term\">Filmfonds Wien<\/a>","<a href=\"https:\/\/filminstitut.at\/en\/fond\/cine-tirol-en\" class=\"advgb-post-tax-term\">Cine Tirol<\/a>"],"unlinked":["<span class=\"advgb-post-tax-term\">Filminstitut<\/span>","<span class=\"advgb-post-tax-term\">Filmfonds Wien<\/span>","<span class=\"advgb-post-tax-term\">Cine Tirol<\/span>"],"slug":"fond","name":"F\u00f6rderungen \u00d6"},"distributor":{"linked":[],"unlinked":[],"slug":"distributor","name":"Weltvertriebe"},"rental":{"linked":["<a href=\"https:\/\/filminstitut.at\/en\/rental\/constantin-studio-canal\" class=\"advgb-post-tax-term\">Constantin\/Studio Canal<\/a>"],"unlinked":["<span class=\"advgb-post-tax-term\">Constantin\/Studio Canal<\/span>"],"slug":"rental","name":"Verleihe"},"movie-category":{"linked":["<a href=\"https:\/\/filminstitut.at\/en\/movie-category\/feature-film-en\" class=\"advgb-post-tax-term\">Feature Film<\/a>"],"unlinked":["<span class=\"advgb-post-tax-term\">Feature Film<\/span>"],"slug":"movie-category","name":"Categories"},"tag":{"linked":["<a href=\"https:\/\/filminstitut.at\/tag\/green-filming\" class=\"advgb-post-tax-term\">Green Filming<\/a>"],"unlinked":["<span class=\"advgb-post-tax-term\">Green Filming<\/span>"],"slug":"tag","name":"Tags"},"funding_program":{"linked":["<a href=\"https:\/\/filminstitut.at\/en\/funding_program\/oefi\" class=\"advgb-post-tax-term\">\u00d6FI<\/a>","<a href=\"https:\/\/filminstitut.at\/en\/funding_program\/oefiplus\" class=\"advgb-post-tax-term\">\u00d6FI+<\/a>"],"unlinked":["<span class=\"advgb-post-tax-term\">\u00d6FI<\/span>","<span class=\"advgb-post-tax-term\">\u00d6FI+<\/span>"],"slug":"funding_program","name":"F\u00f6rderprogramme"},"incentive":{"linked":[],"unlinked":[],"slug":"incentive","name":"Incentives"}},"series_order":"","_links":{"self":[{"href":"https:\/\/filminstitut.at\/en\/wp-json\/wp\/v2\/movie\/64954","targetHints":{"allow":["GET"]}}],"collection":[{"href":"https:\/\/filminstitut.at\/en\/wp-json\/wp\/v2\/movie"}],"about":[{"href":"https:\/\/filminstitut.at\/en\/wp-json\/wp\/v2\/types\/movie"}],"version-history":[{"count":2,"href":"https:\/\/filminstitut.at\/en\/wp-json\/wp\/v2\/movie\/64954\/revisions"}],"predecessor-version":[{"id":82281,"href":"https:\/\/filminstitut.at\/en\/wp-json\/wp\/v2\/movie\/64954\/revisions\/82281"}],"wp:featuredmedia":[{"embeddable":true,"href":"https:\/\/filminstitut.at\/en\/wp-json\/wp\/v2\/media\/69201"}],"wp:attachment":[{"href":"https:\/\/filminstitut.at\/en\/wp-json\/wp\/v2\/media?parent=64954"}],"wp:term":[{"taxonomy":"director","embeddable":true,"href":"https:\/\/filminstitut.at\/en\/wp-json\/wp\/v2\/director?post=64954"},{"taxonomy":"producer","embeddable":true,"href":"https:\/\/filminstitut.at\/en\/wp-json\/wp\/v2\/producer?post=64954"},{"taxonomy":"genre","embeddable":true,"href":"https:\/\/filminstitut.at\/en\/wp-json\/wp\/v2\/genre?post=64954"},{"taxonomy":"fond","embeddable":true,"href":"https:\/\/filminstitut.at\/en\/wp-json\/wp\/v2\/fond?post=64954"},{"taxonomy":"distributor","embeddable":true,"href":"https:\/\/filminstitut.at\/en\/wp-json\/wp\/v2\/distributor?post=64954"},{"taxonomy":"rental","embeddable":true,"href":"https:\/\/filminstitut.at\/en\/wp-json\/wp\/v2\/rental?post=64954"},{"taxonomy":"movie-category","embeddable":true,"href":"https:\/\/filminstitut.at\/en\/wp-json\/wp\/v2\/movie-category?post=64954"},{"taxonomy":"tag","embeddable":true,"href":"https:\/\/filminstitut.at\/en\/wp-json\/wp\/v2\/tag?post=64954"},{"taxonomy":"funding_program","embeddable":true,"href":"https:\/\/filminstitut.at\/en\/wp-json\/wp\/v2\/funding_program?post=64954"},{"taxonomy":"incentive","embeddable":true,"href":"https:\/\/filminstitut.at\/en\/wp-json\/wp\/v2\/incentive?post=64954"}],"curies":[{"name":"wp","href":"https:\/\/api.w.org\/{rel}","templated":true}]}}