{"id":52052,"date":"2021-08-10T08:46:46","date_gmt":"2021-08-10T06:46:46","guid":{"rendered":"https:\/\/filminstitut.at\/?post_type=movie&#038;p=52052"},"modified":"2024-09-17T14:40:00","modified_gmt":"2024-09-17T12:40:00","slug":"favoriten","status":"publish","type":"movie","link":"https:\/\/filminstitut.at\/en\/movies\/favoriten","title":{"rendered":"Favoriten"},"content":{"rendered":"<p>\u201cBeid, Hafsa, Melissa, Manessa, Mohammad\u2026 25 children and their teacher. We wanted to find out who they are\u2026 to discover their skills and strategies, their joys, fears, wants and needs.&#8221; More than 60% of all children in Viennese elementary schools do not have German as their first language. At the same time, there is an acute shortage of teachers and tutors. These adverse conditions are the starting point for Ruth Beckermann&#8217;s FAVORITEN, in which the filmmaker accompanies a Viennese elementary school class over the course of three school years.<\/p>\n","protected":false},"author":25,"featured_media":68739,"template":"","director":[6880],"producer":[5826],"genre":[],"fond":[6191,6193,6195],"distributor":[],"rental":[9080],"movie-category":[5649],"tag":[],"funding_program":[9991],"incentive":[],"class_list":["post-52052","movie","type-movie","status-publish","has-post-thumbnail","hentry","director-ruth-beckermann-en","producer-ruth-beckermann-en","fond-filminstitut-en","fond-filmfonds-wien-en","fond-filmstandort-austria-en","rental-filmladen-filmverleih-gmbh-en","movie-category-documentary-en"],"acf":[],"yoast_head":"<!-- This site is optimized with the Yoast SEO plugin v27.5 - https:\/\/yoast.com\/product\/yoast-seo-wordpress\/ -->\n<title>Favoriten - \u00d6sterreichisches Filminstitut<\/title>\n<meta name=\"robots\" content=\"index, follow, max-snippet:-1, max-image-preview:large, max-video-preview:-1\" \/>\n<link rel=\"canonical\" href=\"https:\/\/filminstitut.at\/en\/movies\/favoriten\" \/>\n<meta property=\"og:locale\" content=\"en_US\" \/>\n<meta property=\"og:type\" content=\"article\" \/>\n<meta property=\"og:title\" content=\"Favoriten - \u00d6sterreichisches Filminstitut\" \/>\n<meta property=\"og:description\" content=\"\u201cBeid, Hafsa, Melissa, Manessa, Mohammad\u2026 25 children and their teacher. We wanted to find out who they are\u2026 to discover their skills and strategies, their joys, fears, wants and needs.&#8221; More than 60% of all children in Viennese elementary schools do not have German as their first language. At the same time, there is an &hellip; Continued\" \/>\n<meta property=\"og:url\" content=\"https:\/\/filminstitut.at\/en\/movies\/favoriten\" \/>\n<meta property=\"og:site_name\" content=\"\u00d6sterreichisches Filminstitut\" \/>\n<meta property=\"article:publisher\" content=\"https:\/\/www.facebook.com\/filminstitut\" \/>\n<meta property=\"article:modified_time\" content=\"2024-09-17T12:40:00+00:00\" \/>\n<meta property=\"og:image\" content=\"https:\/\/filminstitut.at\/wp-content\/uploads\/2021\/01\/Favoriten-Plakat-FL-RGB-Medium-scaled.jpg\" \/>\n\t<meta property=\"og:image:width\" content=\"1809\" \/>\n\t<meta property=\"og:image:height\" content=\"2560\" \/>\n\t<meta property=\"og:image:type\" content=\"image\/jpeg\" \/>\n<meta name=\"twitter:card\" content=\"summary_large_image\" \/>\n<meta name=\"twitter:label1\" content=\"Est. reading time\" \/>\n\t<meta name=\"twitter:data1\" content=\"1 minute\" \/>\n<script type=\"application\/ld+json\" class=\"yoast-schema-graph\">{\"@context\":\"https:\\\/\\\/schema.org\",\"@graph\":[{\"@type\":\"WebPage\",\"@id\":\"https:\\\/\\\/filminstitut.at\\\/en\\\/movies\\\/favoriten\",\"url\":\"https:\\\/\\\/filminstitut.at\\\/en\\\/movies\\\/favoriten\",\"name\":\"Favoriten - \u00d6sterreichisches Filminstitut\",\"isPartOf\":{\"@id\":\"https:\\\/\\\/filminstitut.at\\\/en#website\"},\"primaryImageOfPage\":{\"@id\":\"https:\\\/\\\/filminstitut.at\\\/en\\\/movies\\\/favoriten#primaryimage\"},\"image\":{\"@id\":\"https:\\\/\\\/filminstitut.at\\\/en\\\/movies\\\/favoriten#primaryimage\"},\"thumbnailUrl\":\"https:\\\/\\\/filminstitut.at\\\/wp-content\\\/uploads\\\/2021\\\/01\\\/Favoriten-Plakat-FL-RGB-Medium-scaled.jpg\",\"datePublished\":\"2021-08-10T06:46:46+00:00\",\"dateModified\":\"2024-09-17T12:40:00+00:00\",\"breadcrumb\":{\"@id\":\"https:\\\/\\\/filminstitut.at\\\/en\\\/movies\\\/favoriten#breadcrumb\"},\"inLanguage\":\"en\",\"potentialAction\":[{\"@type\":\"ReadAction\",\"target\":[\"https:\\\/\\\/filminstitut.at\\\/en\\\/movies\\\/favoriten\"]}]},{\"@type\":\"ImageObject\",\"inLanguage\":\"en\",\"@id\":\"https:\\\/\\\/filminstitut.at\\\/en\\\/movies\\\/favoriten#primaryimage\",\"url\":\"https:\\\/\\\/filminstitut.at\\\/wp-content\\\/uploads\\\/2021\\\/01\\\/Favoriten-Plakat-FL-RGB-Medium-scaled.jpg\",\"contentUrl\":\"https:\\\/\\\/filminstitut.at\\\/wp-content\\\/uploads\\\/2021\\\/01\\\/Favoriten-Plakat-FL-RGB-Medium-scaled.jpg\",\"width\":1809,\"height\":2560},{\"@type\":\"BreadcrumbList\",\"@id\":\"https:\\\/\\\/filminstitut.at\\\/en\\\/movies\\\/favoriten#breadcrumb\",\"itemListElement\":[{\"@type\":\"ListItem\",\"position\":1,\"name\":\"Home\",\"item\":\"https:\\\/\\\/filminstitut.at\\\/en\"},{\"@type\":\"ListItem\",\"position\":2,\"name\":\"Filme\",\"item\":\"https:\\\/\\\/filminstitut.at\\\/en\\\/movies\"},{\"@type\":\"ListItem\",\"position\":3,\"name\":\"Favoriten\"}]},{\"@type\":\"WebSite\",\"@id\":\"https:\\\/\\\/filminstitut.at\\\/en#website\",\"url\":\"https:\\\/\\\/filminstitut.at\\\/en\",\"name\":\"\u00d6sterreichisches Filminstitut\",\"description\":\"Das \u00d6sterreichische Filminstitut ist die bundesweite F\u00f6rderstelle und Kompetenzzentrum f\u00fcr den Kinofilm.\",\"publisher\":{\"@id\":\"https:\\\/\\\/filminstitut.at\\\/en#organization\"},\"potentialAction\":[{\"@type\":\"SearchAction\",\"target\":{\"@type\":\"EntryPoint\",\"urlTemplate\":\"https:\\\/\\\/filminstitut.at\\\/en?s={search_term_string}\"},\"query-input\":{\"@type\":\"PropertyValueSpecification\",\"valueRequired\":true,\"valueName\":\"search_term_string\"}}],\"inLanguage\":\"en\"},{\"@type\":\"Organization\",\"@id\":\"https:\\\/\\\/filminstitut.at\\\/en#organization\",\"name\":\"\u00d6sterreichisches Filminstitut\",\"url\":\"https:\\\/\\\/filminstitut.at\\\/en\",\"logo\":{\"@type\":\"ImageObject\",\"inLanguage\":\"en\",\"@id\":\"https:\\\/\\\/filminstitut.at\\\/en#\\\/schema\\\/logo\\\/image\\\/\",\"url\":\"https:\\\/\\\/filminstitut.at\\\/wp-content\\\/uploads\\\/2025\\\/09\\\/OeFI_Logo_pos-scaled.jpg\",\"contentUrl\":\"https:\\\/\\\/filminstitut.at\\\/wp-content\\\/uploads\\\/2025\\\/09\\\/OeFI_Logo_pos-scaled.jpg\",\"width\":2560,\"height\":694,\"caption\":\"\u00d6sterreichisches Filminstitut\"},\"image\":{\"@id\":\"https:\\\/\\\/filminstitut.at\\\/en#\\\/schema\\\/logo\\\/image\\\/\"},\"sameAs\":[\"https:\\\/\\\/www.facebook.com\\\/filminstitut\",\"https:\\\/\\\/at.linkedin.com\\\/company\\\/sterreichisches-filminstitut\",\"https:\\\/\\\/www.instagram.com\\\/filminstitut\"]}]}<\/script>\n<!-- \/ Yoast SEO plugin. -->","yoast_head_json":{"title":"Favoriten - \u00d6sterreichisches Filminstitut","robots":{"index":"index","follow":"follow","max-snippet":"max-snippet:-1","max-image-preview":"max-image-preview:large","max-video-preview":"max-video-preview:-1"},"canonical":"https:\/\/filminstitut.at\/en\/movies\/favoriten","og_locale":"en_US","og_type":"article","og_title":"Favoriten - \u00d6sterreichisches Filminstitut","og_description":"\u201cBeid, Hafsa, Melissa, Manessa, Mohammad\u2026 25 children and their teacher. We wanted to find out who they are\u2026 to discover their skills and strategies, their joys, fears, wants and needs.&#8221; More than 60% of all children in Viennese elementary schools do not have German as their first language. At the same time, there is an &hellip; Continued","og_url":"https:\/\/filminstitut.at\/en\/movies\/favoriten","og_site_name":"\u00d6sterreichisches Filminstitut","article_publisher":"https:\/\/www.facebook.com\/filminstitut","article_modified_time":"2024-09-17T12:40:00+00:00","og_image":[{"width":1809,"height":2560,"url":"https:\/\/filminstitut.at\/wp-content\/uploads\/2021\/01\/Favoriten-Plakat-FL-RGB-Medium-scaled.jpg","type":"image\/jpeg"}],"twitter_card":"summary_large_image","twitter_misc":{"Est. reading time":"1 minute"},"schema":{"@context":"https:\/\/schema.org","@graph":[{"@type":"WebPage","@id":"https:\/\/filminstitut.at\/en\/movies\/favoriten","url":"https:\/\/filminstitut.at\/en\/movies\/favoriten","name":"Favoriten - \u00d6sterreichisches Filminstitut","isPartOf":{"@id":"https:\/\/filminstitut.at\/en#website"},"primaryImageOfPage":{"@id":"https:\/\/filminstitut.at\/en\/movies\/favoriten#primaryimage"},"image":{"@id":"https:\/\/filminstitut.at\/en\/movies\/favoriten#primaryimage"},"thumbnailUrl":"https:\/\/filminstitut.at\/wp-content\/uploads\/2021\/01\/Favoriten-Plakat-FL-RGB-Medium-scaled.jpg","datePublished":"2021-08-10T06:46:46+00:00","dateModified":"2024-09-17T12:40:00+00:00","breadcrumb":{"@id":"https:\/\/filminstitut.at\/en\/movies\/favoriten#breadcrumb"},"inLanguage":"en","potentialAction":[{"@type":"ReadAction","target":["https:\/\/filminstitut.at\/en\/movies\/favoriten"]}]},{"@type":"ImageObject","inLanguage":"en","@id":"https:\/\/filminstitut.at\/en\/movies\/favoriten#primaryimage","url":"https:\/\/filminstitut.at\/wp-content\/uploads\/2021\/01\/Favoriten-Plakat-FL-RGB-Medium-scaled.jpg","contentUrl":"https:\/\/filminstitut.at\/wp-content\/uploads\/2021\/01\/Favoriten-Plakat-FL-RGB-Medium-scaled.jpg","width":1809,"height":2560},{"@type":"BreadcrumbList","@id":"https:\/\/filminstitut.at\/en\/movies\/favoriten#breadcrumb","itemListElement":[{"@type":"ListItem","position":1,"name":"Home","item":"https:\/\/filminstitut.at\/en"},{"@type":"ListItem","position":2,"name":"Filme","item":"https:\/\/filminstitut.at\/en\/movies"},{"@type":"ListItem","position":3,"name":"Favoriten"}]},{"@type":"WebSite","@id":"https:\/\/filminstitut.at\/en#website","url":"https:\/\/filminstitut.at\/en","name":"\u00d6sterreichisches Filminstitut","description":"Das \u00d6sterreichische Filminstitut ist die bundesweite F\u00f6rderstelle und Kompetenzzentrum f\u00fcr den Kinofilm.","publisher":{"@id":"https:\/\/filminstitut.at\/en#organization"},"potentialAction":[{"@type":"SearchAction","target":{"@type":"EntryPoint","urlTemplate":"https:\/\/filminstitut.at\/en?s={search_term_string}"},"query-input":{"@type":"PropertyValueSpecification","valueRequired":true,"valueName":"search_term_string"}}],"inLanguage":"en"},{"@type":"Organization","@id":"https:\/\/filminstitut.at\/en#organization","name":"\u00d6sterreichisches Filminstitut","url":"https:\/\/filminstitut.at\/en","logo":{"@type":"ImageObject","inLanguage":"en","@id":"https:\/\/filminstitut.at\/en#\/schema\/logo\/image\/","url":"https:\/\/filminstitut.at\/wp-content\/uploads\/2025\/09\/OeFI_Logo_pos-scaled.jpg","contentUrl":"https:\/\/filminstitut.at\/wp-content\/uploads\/2025\/09\/OeFI_Logo_pos-scaled.jpg","width":2560,"height":694,"caption":"\u00d6sterreichisches Filminstitut"},"image":{"@id":"https:\/\/filminstitut.at\/en#\/schema\/logo\/image\/"},"sameAs":["https:\/\/www.facebook.com\/filminstitut","https:\/\/at.linkedin.com\/company\/sterreichisches-filminstitut","https:\/\/www.instagram.com\/filminstitut"]}]}},"featured_img":"https:\/\/filminstitut.at\/wp-content\/uploads\/2021\/01\/Favoriten-Plakat-FL-RGB-Medium-scaled.jpg","coauthors":[],"author_meta":{"author_link":"https:\/\/filminstitut.at\/en\/author\/martina_kandl","display_name":"Martina Kandl"},"relative_dates":{"created":"Posted 5 years ago","modified":"Updated 2 years ago"},"absolute_dates":{"created":"Posted on 10. August 2021","modified":"Updated on 17. September 2024"},"absolute_dates_time":{"created":"Posted on 10. August 2021 8:46","modified":"Updated on 17. September 2024 14:40"},"featured_img_caption":"","tax_additional":{"director":{"linked":["<a href=\"https:\/\/filminstitut.at\/en\/director\/ruth-beckermann-en\" class=\"advgb-post-tax-term\">Ruth Beckermann<\/a>"],"unlinked":["<span class=\"advgb-post-tax-term\">Ruth Beckermann<\/span>"],"slug":"director","name":"Directors"},"producer":{"linked":["<a href=\"https:\/\/filminstitut.at\/en\/producer\/ruth-beckermann-en\" class=\"advgb-post-tax-term\">Ruth Beckermann<\/a>"],"unlinked":["<span class=\"advgb-post-tax-term\">Ruth Beckermann<\/span>"],"slug":"producer","name":"Production"},"genre":{"linked":[],"unlinked":[],"slug":"genre","name":"Genres"},"fond":{"linked":["<a href=\"https:\/\/filminstitut.at\/en\/fond\/filminstitut-en\" class=\"advgb-post-tax-term\">Filminstitut<\/a>","<a href=\"https:\/\/filminstitut.at\/en\/fond\/filmfonds-wien-en\" class=\"advgb-post-tax-term\">Filmfonds Wien<\/a>","<a href=\"https:\/\/filminstitut.at\/en\/fond\/filmstandort-austria-en\" class=\"advgb-post-tax-term\">Filmstandort Austria<\/a>"],"unlinked":["<span class=\"advgb-post-tax-term\">Filminstitut<\/span>","<span class=\"advgb-post-tax-term\">Filmfonds Wien<\/span>","<span class=\"advgb-post-tax-term\">Filmstandort Austria<\/span>"],"slug":"fond","name":"F\u00f6rderungen \u00d6"},"distributor":{"linked":[],"unlinked":[],"slug":"distributor","name":"Weltvertriebe"},"rental":{"linked":["<a href=\"https:\/\/filminstitut.at\/en\/rental\/filmladen-filmverleih-gmbh-en\" class=\"advgb-post-tax-term\">FILMLADEN Filmverleih GmbH<\/a>"],"unlinked":["<span class=\"advgb-post-tax-term\">FILMLADEN Filmverleih GmbH<\/span>"],"slug":"rental","name":"Verleihe"},"movie-category":{"linked":["<a href=\"https:\/\/filminstitut.at\/en\/movie-category\/documentary-en\" class=\"advgb-post-tax-term\">Documentary<\/a>"],"unlinked":["<span class=\"advgb-post-tax-term\">Documentary<\/span>"],"slug":"movie-category","name":"Categories"},"tag":{"linked":[],"unlinked":[],"slug":"tag","name":"Tags"},"funding_program":{"linked":["<a href=\"https:\/\/filminstitut.at\/en\/funding_program\/oefi\" class=\"advgb-post-tax-term\">\u00d6FI<\/a>"],"unlinked":["<span class=\"advgb-post-tax-term\">\u00d6FI<\/span>"],"slug":"funding_program","name":"F\u00f6rderprogramme"},"incentive":{"linked":[],"unlinked":[],"slug":"incentive","name":"Incentives"}},"series_order":"","_links":{"self":[{"href":"https:\/\/filminstitut.at\/en\/wp-json\/wp\/v2\/movie\/52052","targetHints":{"allow":["GET"]}}],"collection":[{"href":"https:\/\/filminstitut.at\/en\/wp-json\/wp\/v2\/movie"}],"about":[{"href":"https:\/\/filminstitut.at\/en\/wp-json\/wp\/v2\/types\/movie"}],"version-history":[{"count":3,"href":"https:\/\/filminstitut.at\/en\/wp-json\/wp\/v2\/movie\/52052\/revisions"}],"predecessor-version":[{"id":67374,"href":"https:\/\/filminstitut.at\/en\/wp-json\/wp\/v2\/movie\/52052\/revisions\/67374"}],"wp:featuredmedia":[{"embeddable":true,"href":"https:\/\/filminstitut.at\/en\/wp-json\/wp\/v2\/media\/68739"}],"wp:attachment":[{"href":"https:\/\/filminstitut.at\/en\/wp-json\/wp\/v2\/media?parent=52052"}],"wp:term":[{"taxonomy":"director","embeddable":true,"href":"https:\/\/filminstitut.at\/en\/wp-json\/wp\/v2\/director?post=52052"},{"taxonomy":"producer","embeddable":true,"href":"https:\/\/filminstitut.at\/en\/wp-json\/wp\/v2\/producer?post=52052"},{"taxonomy":"genre","embeddable":true,"href":"https:\/\/filminstitut.at\/en\/wp-json\/wp\/v2\/genre?post=52052"},{"taxonomy":"fond","embeddable":true,"href":"https:\/\/filminstitut.at\/en\/wp-json\/wp\/v2\/fond?post=52052"},{"taxonomy":"distributor","embeddable":true,"href":"https:\/\/filminstitut.at\/en\/wp-json\/wp\/v2\/distributor?post=52052"},{"taxonomy":"rental","embeddable":true,"href":"https:\/\/filminstitut.at\/en\/wp-json\/wp\/v2\/rental?post=52052"},{"taxonomy":"movie-category","embeddable":true,"href":"https:\/\/filminstitut.at\/en\/wp-json\/wp\/v2\/movie-category?post=52052"},{"taxonomy":"tag","embeddable":true,"href":"https:\/\/filminstitut.at\/en\/wp-json\/wp\/v2\/tag?post=52052"},{"taxonomy":"funding_program","embeddable":true,"href":"https:\/\/filminstitut.at\/en\/wp-json\/wp\/v2\/funding_program?post=52052"},{"taxonomy":"incentive","embeddable":true,"href":"https:\/\/filminstitut.at\/en\/wp-json\/wp\/v2\/incentive?post=52052"}],"curies":[{"name":"wp","href":"https:\/\/api.w.org\/{rel}","templated":true}]}}