{"id":33456,"date":"2020-07-19T13:59:11","date_gmt":"2020-07-19T13:59:11","guid":{"rendered":"https:\/\/filminstitut.at\/filme\/die-grosse-freiheit"},"modified":"2026-03-16T15:18:49","modified_gmt":"2026-03-16T14:18:49","slug":"great-freedom","status":"publish","type":"movie","link":"https:\/\/filminstitut.at\/en\/movies\/great-freedom","title":{"rendered":"Great Freedom"},"content":{"rendered":"<p>In post-war Germany Hans is imprisoned again and again for being homosexual. Due to paragraph 175 his desire for freedom is systematically destroyed. The one steady relationship in his life becomes his long time cell mate, Viktor, a convicted murderer. What starts as revulsion grows into something called love.<\/p>\n","protected":false},"author":1,"featured_media":53892,"template":"","director":[7263],"producer":[5732],"genre":[8881],"fond":[6191,6193,6195],"distributor":[],"rental":[9080],"movie-category":[5657,5663],"tag":[749,8904],"funding_program":[9991],"incentive":[],"class_list":["post-33456","movie","type-movie","status-publish","has-post-thumbnail","hentry","director-sebastian-meise-en","producer-freibeuterfilm-gmbh-en","genre-drama-en","fond-filminstitut-en","fond-filmfonds-wien-en","fond-filmstandort-austria-en","rental-filmladen-filmverleih-gmbh-en","movie-category-new-talent-en","movie-category-feature-film-en","tag-gender-and-diversity","tag-gender-and-diversity-en"],"acf":[],"yoast_head":"<!-- This site is optimized with the Yoast SEO plugin v27.5 - https:\/\/yoast.com\/product\/yoast-seo-wordpress\/ -->\n<title>Great Freedom - \u00d6sterreichisches Filminstitut<\/title>\n<meta name=\"robots\" content=\"index, follow, max-snippet:-1, max-image-preview:large, max-video-preview:-1\" \/>\n<link rel=\"canonical\" href=\"https:\/\/filminstitut.at\/en\/movies\/great-freedom\" \/>\n<meta property=\"og:locale\" content=\"en_US\" \/>\n<meta property=\"og:type\" content=\"article\" \/>\n<meta property=\"og:title\" content=\"Great Freedom - \u00d6sterreichisches Filminstitut\" \/>\n<meta property=\"og:description\" content=\"In post-war Germany Hans is imprisoned again and again for being homosexual. Due to paragraph 175 his desire for freedom is systematically destroyed. The one steady relationship in his life becomes his long time cell mate, Viktor, a convicted murderer. What starts as revulsion grows into something called love.\" \/>\n<meta property=\"og:url\" content=\"https:\/\/filminstitut.at\/en\/movies\/great-freedom\" \/>\n<meta property=\"og:site_name\" content=\"\u00d6sterreichisches Filminstitut\" \/>\n<meta property=\"article:publisher\" content=\"https:\/\/www.facebook.com\/filminstitut\" \/>\n<meta property=\"article:modified_time\" content=\"2026-03-16T14:18:49+00:00\" \/>\n<meta property=\"og:image\" content=\"https:\/\/filminstitut.at\/wp-content\/uploads\/2021\/10\/grossefreiheit_plakat.jpg\" \/>\n\t<meta property=\"og:image:width\" content=\"235\" \/>\n\t<meta property=\"og:image:height\" content=\"333\" \/>\n\t<meta property=\"og:image:type\" content=\"image\/jpeg\" \/>\n<meta name=\"twitter:card\" content=\"summary_large_image\" \/>\n<meta name=\"twitter:label1\" content=\"Est. reading time\" \/>\n\t<meta name=\"twitter:data1\" content=\"1 minute\" \/>\n<script type=\"application\/ld+json\" class=\"yoast-schema-graph\">{\"@context\":\"https:\\\/\\\/schema.org\",\"@graph\":[{\"@type\":\"WebPage\",\"@id\":\"https:\\\/\\\/filminstitut.at\\\/en\\\/movies\\\/great-freedom\",\"url\":\"https:\\\/\\\/filminstitut.at\\\/en\\\/movies\\\/great-freedom\",\"name\":\"Great Freedom - \u00d6sterreichisches Filminstitut\",\"isPartOf\":{\"@id\":\"https:\\\/\\\/filminstitut.at\\\/en#website\"},\"primaryImageOfPage\":{\"@id\":\"https:\\\/\\\/filminstitut.at\\\/en\\\/movies\\\/great-freedom#primaryimage\"},\"image\":{\"@id\":\"https:\\\/\\\/filminstitut.at\\\/en\\\/movies\\\/great-freedom#primaryimage\"},\"thumbnailUrl\":\"https:\\\/\\\/filminstitut.at\\\/wp-content\\\/uploads\\\/2021\\\/10\\\/grossefreiheit_plakat.jpg\",\"datePublished\":\"2020-07-19T13:59:11+00:00\",\"dateModified\":\"2026-03-16T14:18:49+00:00\",\"breadcrumb\":{\"@id\":\"https:\\\/\\\/filminstitut.at\\\/en\\\/movies\\\/great-freedom#breadcrumb\"},\"inLanguage\":\"en\",\"potentialAction\":[{\"@type\":\"ReadAction\",\"target\":[\"https:\\\/\\\/filminstitut.at\\\/en\\\/movies\\\/great-freedom\"]}]},{\"@type\":\"ImageObject\",\"inLanguage\":\"en\",\"@id\":\"https:\\\/\\\/filminstitut.at\\\/en\\\/movies\\\/great-freedom#primaryimage\",\"url\":\"https:\\\/\\\/filminstitut.at\\\/wp-content\\\/uploads\\\/2021\\\/10\\\/grossefreiheit_plakat.jpg\",\"contentUrl\":\"https:\\\/\\\/filminstitut.at\\\/wp-content\\\/uploads\\\/2021\\\/10\\\/grossefreiheit_plakat.jpg\",\"width\":235,\"height\":333},{\"@type\":\"BreadcrumbList\",\"@id\":\"https:\\\/\\\/filminstitut.at\\\/en\\\/movies\\\/great-freedom#breadcrumb\",\"itemListElement\":[{\"@type\":\"ListItem\",\"position\":1,\"name\":\"Home\",\"item\":\"https:\\\/\\\/filminstitut.at\\\/en\"},{\"@type\":\"ListItem\",\"position\":2,\"name\":\"Filme\",\"item\":\"https:\\\/\\\/filminstitut.at\\\/en\\\/movies\"},{\"@type\":\"ListItem\",\"position\":3,\"name\":\"Great Freedom\"}]},{\"@type\":\"WebSite\",\"@id\":\"https:\\\/\\\/filminstitut.at\\\/en#website\",\"url\":\"https:\\\/\\\/filminstitut.at\\\/en\",\"name\":\"\u00d6sterreichisches Filminstitut\",\"description\":\"Das \u00d6sterreichische Filminstitut ist die bundesweite F\u00f6rderstelle und Kompetenzzentrum f\u00fcr den Kinofilm.\",\"publisher\":{\"@id\":\"https:\\\/\\\/filminstitut.at\\\/en#organization\"},\"potentialAction\":[{\"@type\":\"SearchAction\",\"target\":{\"@type\":\"EntryPoint\",\"urlTemplate\":\"https:\\\/\\\/filminstitut.at\\\/en?s={search_term_string}\"},\"query-input\":{\"@type\":\"PropertyValueSpecification\",\"valueRequired\":true,\"valueName\":\"search_term_string\"}}],\"inLanguage\":\"en\"},{\"@type\":\"Organization\",\"@id\":\"https:\\\/\\\/filminstitut.at\\\/en#organization\",\"name\":\"\u00d6sterreichisches Filminstitut\",\"url\":\"https:\\\/\\\/filminstitut.at\\\/en\",\"logo\":{\"@type\":\"ImageObject\",\"inLanguage\":\"en\",\"@id\":\"https:\\\/\\\/filminstitut.at\\\/en#\\\/schema\\\/logo\\\/image\\\/\",\"url\":\"https:\\\/\\\/filminstitut.at\\\/wp-content\\\/uploads\\\/2025\\\/09\\\/OeFI_Logo_pos-scaled.jpg\",\"contentUrl\":\"https:\\\/\\\/filminstitut.at\\\/wp-content\\\/uploads\\\/2025\\\/09\\\/OeFI_Logo_pos-scaled.jpg\",\"width\":2560,\"height\":694,\"caption\":\"\u00d6sterreichisches Filminstitut\"},\"image\":{\"@id\":\"https:\\\/\\\/filminstitut.at\\\/en#\\\/schema\\\/logo\\\/image\\\/\"},\"sameAs\":[\"https:\\\/\\\/www.facebook.com\\\/filminstitut\",\"https:\\\/\\\/at.linkedin.com\\\/company\\\/sterreichisches-filminstitut\",\"https:\\\/\\\/www.instagram.com\\\/filminstitut\"]}]}<\/script>\n<!-- \/ Yoast SEO plugin. -->","yoast_head_json":{"title":"Great Freedom - \u00d6sterreichisches Filminstitut","robots":{"index":"index","follow":"follow","max-snippet":"max-snippet:-1","max-image-preview":"max-image-preview:large","max-video-preview":"max-video-preview:-1"},"canonical":"https:\/\/filminstitut.at\/en\/movies\/great-freedom","og_locale":"en_US","og_type":"article","og_title":"Great Freedom - \u00d6sterreichisches Filminstitut","og_description":"In post-war Germany Hans is imprisoned again and again for being homosexual. Due to paragraph 175 his desire for freedom is systematically destroyed. The one steady relationship in his life becomes his long time cell mate, Viktor, a convicted murderer. What starts as revulsion grows into something called love.","og_url":"https:\/\/filminstitut.at\/en\/movies\/great-freedom","og_site_name":"\u00d6sterreichisches Filminstitut","article_publisher":"https:\/\/www.facebook.com\/filminstitut","article_modified_time":"2026-03-16T14:18:49+00:00","og_image":[{"width":235,"height":333,"url":"https:\/\/filminstitut.at\/wp-content\/uploads\/2021\/10\/grossefreiheit_plakat.jpg","type":"image\/jpeg"}],"twitter_card":"summary_large_image","twitter_misc":{"Est. reading time":"1 minute"},"schema":{"@context":"https:\/\/schema.org","@graph":[{"@type":"WebPage","@id":"https:\/\/filminstitut.at\/en\/movies\/great-freedom","url":"https:\/\/filminstitut.at\/en\/movies\/great-freedom","name":"Great Freedom - \u00d6sterreichisches Filminstitut","isPartOf":{"@id":"https:\/\/filminstitut.at\/en#website"},"primaryImageOfPage":{"@id":"https:\/\/filminstitut.at\/en\/movies\/great-freedom#primaryimage"},"image":{"@id":"https:\/\/filminstitut.at\/en\/movies\/great-freedom#primaryimage"},"thumbnailUrl":"https:\/\/filminstitut.at\/wp-content\/uploads\/2021\/10\/grossefreiheit_plakat.jpg","datePublished":"2020-07-19T13:59:11+00:00","dateModified":"2026-03-16T14:18:49+00:00","breadcrumb":{"@id":"https:\/\/filminstitut.at\/en\/movies\/great-freedom#breadcrumb"},"inLanguage":"en","potentialAction":[{"@type":"ReadAction","target":["https:\/\/filminstitut.at\/en\/movies\/great-freedom"]}]},{"@type":"ImageObject","inLanguage":"en","@id":"https:\/\/filminstitut.at\/en\/movies\/great-freedom#primaryimage","url":"https:\/\/filminstitut.at\/wp-content\/uploads\/2021\/10\/grossefreiheit_plakat.jpg","contentUrl":"https:\/\/filminstitut.at\/wp-content\/uploads\/2021\/10\/grossefreiheit_plakat.jpg","width":235,"height":333},{"@type":"BreadcrumbList","@id":"https:\/\/filminstitut.at\/en\/movies\/great-freedom#breadcrumb","itemListElement":[{"@type":"ListItem","position":1,"name":"Home","item":"https:\/\/filminstitut.at\/en"},{"@type":"ListItem","position":2,"name":"Filme","item":"https:\/\/filminstitut.at\/en\/movies"},{"@type":"ListItem","position":3,"name":"Great Freedom"}]},{"@type":"WebSite","@id":"https:\/\/filminstitut.at\/en#website","url":"https:\/\/filminstitut.at\/en","name":"\u00d6sterreichisches Filminstitut","description":"Das \u00d6sterreichische Filminstitut ist die bundesweite F\u00f6rderstelle und Kompetenzzentrum f\u00fcr den Kinofilm.","publisher":{"@id":"https:\/\/filminstitut.at\/en#organization"},"potentialAction":[{"@type":"SearchAction","target":{"@type":"EntryPoint","urlTemplate":"https:\/\/filminstitut.at\/en?s={search_term_string}"},"query-input":{"@type":"PropertyValueSpecification","valueRequired":true,"valueName":"search_term_string"}}],"inLanguage":"en"},{"@type":"Organization","@id":"https:\/\/filminstitut.at\/en#organization","name":"\u00d6sterreichisches Filminstitut","url":"https:\/\/filminstitut.at\/en","logo":{"@type":"ImageObject","inLanguage":"en","@id":"https:\/\/filminstitut.at\/en#\/schema\/logo\/image\/","url":"https:\/\/filminstitut.at\/wp-content\/uploads\/2025\/09\/OeFI_Logo_pos-scaled.jpg","contentUrl":"https:\/\/filminstitut.at\/wp-content\/uploads\/2025\/09\/OeFI_Logo_pos-scaled.jpg","width":2560,"height":694,"caption":"\u00d6sterreichisches Filminstitut"},"image":{"@id":"https:\/\/filminstitut.at\/en#\/schema\/logo\/image\/"},"sameAs":["https:\/\/www.facebook.com\/filminstitut","https:\/\/at.linkedin.com\/company\/sterreichisches-filminstitut","https:\/\/www.instagram.com\/filminstitut"]}]}},"featured_img":"https:\/\/filminstitut.at\/wp-content\/uploads\/2021\/10\/grossefreiheit_plakat.jpg","coauthors":[],"author_meta":{"author_link":"https:\/\/filminstitut.at\/en\/author\/fkm","display_name":"fkm"},"relative_dates":{"created":"Posted 6 years ago","modified":"Updated 2 months ago"},"absolute_dates":{"created":"Posted on 19. July 2020","modified":"Updated on 16. March 2026"},"absolute_dates_time":{"created":"Posted on 19. July 2020 13:59","modified":"Updated on 16. March 2026 15:18"},"featured_img_caption":"","tax_additional":{"director":{"linked":["<a href=\"https:\/\/filminstitut.at\/en\/director\/sebastian-meise-en\" class=\"advgb-post-tax-term\">Sebastian Meise<\/a>"],"unlinked":["<span class=\"advgb-post-tax-term\">Sebastian Meise<\/span>"],"slug":"director","name":"Directors"},"producer":{"linked":["<a href=\"https:\/\/filminstitut.at\/en\/producer\/freibeuterfilm-gmbh-en\" class=\"advgb-post-tax-term\">FreibeuterFilm GmbH<\/a>"],"unlinked":["<span class=\"advgb-post-tax-term\">FreibeuterFilm GmbH<\/span>"],"slug":"producer","name":"Production"},"genre":{"linked":["<a href=\"https:\/\/filminstitut.at\/en\/genre\/drama-en\" class=\"advgb-post-tax-term\">Drama<\/a>"],"unlinked":["<span class=\"advgb-post-tax-term\">Drama<\/span>"],"slug":"genre","name":"Genres"},"fond":{"linked":["<a href=\"https:\/\/filminstitut.at\/en\/fond\/filminstitut-en\" class=\"advgb-post-tax-term\">Filminstitut<\/a>","<a href=\"https:\/\/filminstitut.at\/en\/fond\/filmfonds-wien-en\" class=\"advgb-post-tax-term\">Filmfonds Wien<\/a>","<a href=\"https:\/\/filminstitut.at\/en\/fond\/filmstandort-austria-en\" class=\"advgb-post-tax-term\">Filmstandort Austria<\/a>"],"unlinked":["<span class=\"advgb-post-tax-term\">Filminstitut<\/span>","<span class=\"advgb-post-tax-term\">Filmfonds Wien<\/span>","<span class=\"advgb-post-tax-term\">Filmstandort Austria<\/span>"],"slug":"fond","name":"F\u00f6rderungen \u00d6"},"distributor":{"linked":[],"unlinked":[],"slug":"distributor","name":"Weltvertriebe"},"rental":{"linked":["<a href=\"https:\/\/filminstitut.at\/en\/rental\/filmladen-filmverleih-gmbh-en\" class=\"advgb-post-tax-term\">FILMLADEN Filmverleih GmbH<\/a>"],"unlinked":["<span class=\"advgb-post-tax-term\">FILMLADEN Filmverleih GmbH<\/span>"],"slug":"rental","name":"Verleihe"},"movie-category":{"linked":["<a href=\"https:\/\/filminstitut.at\/en\/movie-category\/new-talent-en\" class=\"advgb-post-tax-term\">New Talent<\/a>","<a href=\"https:\/\/filminstitut.at\/en\/movie-category\/feature-film-en\" class=\"advgb-post-tax-term\">Feature Film<\/a>"],"unlinked":["<span class=\"advgb-post-tax-term\">New Talent<\/span>","<span class=\"advgb-post-tax-term\">Feature Film<\/span>"],"slug":"movie-category","name":"Categories"},"tag":{"linked":["<a href=\"https:\/\/filminstitut.at\/en\/tag\/gender-and-diversity-en\" class=\"advgb-post-tax-term\">Gender*Diversity*Inclusion<\/a>","<a href=\"https:\/\/filminstitut.at\/en\/tag\/gender-and-diversity-en\" class=\"advgb-post-tax-term\">Gender &amp; Diversity<\/a>"],"unlinked":["<span class=\"advgb-post-tax-term\">Gender*Diversity*Inclusion<\/span>","<span class=\"advgb-post-tax-term\">Gender &amp; Diversity<\/span>"],"slug":"tag","name":"Tags"},"funding_program":{"linked":["<a href=\"https:\/\/filminstitut.at\/en\/funding_program\/oefi\" class=\"advgb-post-tax-term\">\u00d6FI<\/a>"],"unlinked":["<span class=\"advgb-post-tax-term\">\u00d6FI<\/span>"],"slug":"funding_program","name":"F\u00f6rderprogramme"},"incentive":{"linked":[],"unlinked":[],"slug":"incentive","name":"Incentives"}},"series_order":"","_links":{"self":[{"href":"https:\/\/filminstitut.at\/en\/wp-json\/wp\/v2\/movie\/33456","targetHints":{"allow":["GET"]}}],"collection":[{"href":"https:\/\/filminstitut.at\/en\/wp-json\/wp\/v2\/movie"}],"about":[{"href":"https:\/\/filminstitut.at\/en\/wp-json\/wp\/v2\/types\/movie"}],"version-history":[{"count":5,"href":"https:\/\/filminstitut.at\/en\/wp-json\/wp\/v2\/movie\/33456\/revisions"}],"predecessor-version":[{"id":82099,"href":"https:\/\/filminstitut.at\/en\/wp-json\/wp\/v2\/movie\/33456\/revisions\/82099"}],"wp:featuredmedia":[{"embeddable":true,"href":"https:\/\/filminstitut.at\/en\/wp-json\/wp\/v2\/media\/53892"}],"wp:attachment":[{"href":"https:\/\/filminstitut.at\/en\/wp-json\/wp\/v2\/media?parent=33456"}],"wp:term":[{"taxonomy":"director","embeddable":true,"href":"https:\/\/filminstitut.at\/en\/wp-json\/wp\/v2\/director?post=33456"},{"taxonomy":"producer","embeddable":true,"href":"https:\/\/filminstitut.at\/en\/wp-json\/wp\/v2\/producer?post=33456"},{"taxonomy":"genre","embeddable":true,"href":"https:\/\/filminstitut.at\/en\/wp-json\/wp\/v2\/genre?post=33456"},{"taxonomy":"fond","embeddable":true,"href":"https:\/\/filminstitut.at\/en\/wp-json\/wp\/v2\/fond?post=33456"},{"taxonomy":"distributor","embeddable":true,"href":"https:\/\/filminstitut.at\/en\/wp-json\/wp\/v2\/distributor?post=33456"},{"taxonomy":"rental","embeddable":true,"href":"https:\/\/filminstitut.at\/en\/wp-json\/wp\/v2\/rental?post=33456"},{"taxonomy":"movie-category","embeddable":true,"href":"https:\/\/filminstitut.at\/en\/wp-json\/wp\/v2\/movie-category?post=33456"},{"taxonomy":"tag","embeddable":true,"href":"https:\/\/filminstitut.at\/en\/wp-json\/wp\/v2\/tag?post=33456"},{"taxonomy":"funding_program","embeddable":true,"href":"https:\/\/filminstitut.at\/en\/wp-json\/wp\/v2\/funding_program?post=33456"},{"taxonomy":"incentive","embeddable":true,"href":"https:\/\/filminstitut.at\/en\/wp-json\/wp\/v2\/incentive?post=33456"}],"curies":[{"name":"wp","href":"https:\/\/api.w.org\/{rel}","templated":true}]}}