{"id":33448,"date":"2020-07-19T13:59:11","date_gmt":"2020-07-19T13:59:11","guid":{"rendered":"https:\/\/filminstitut.at\/filme\/born-in-evin"},"modified":"2021-02-11T14:40:20","modified_gmt":"2021-02-11T13:40:20","slug":"born-in-evin","status":"publish","type":"movie","link":"https:\/\/filminstitut.at\/en\/movies\/born-in-evin","title":{"rendered":"Born in Evin"},"content":{"rendered":"<p>Born in Evin follows filmmaker and actress, Maryam Zaree, on her quest to find out the violent circumstancessurrounding her birth inside one of the most notorious political prisons in the world.<\/p>\n","protected":false},"author":1,"featured_media":45740,"template":"","director":[7623],"producer":[5738],"genre":[],"fond":[6191,6195],"distributor":[],"rental":[9130],"movie-category":[5649],"tag":[749,8904],"funding_program":[9991],"incentive":[],"class_list":["post-33448","movie","type-movie","status-publish","has-post-thumbnail","hentry","director-maryam-zaree-en","producer-golden-girls-filmproduktion-filmservices-gmbh-en","fond-filminstitut-en","fond-filmstandort-austria-en","rental-stadtkino-filmverleih-und-kinobetriebs-gesellschaft-m-b-h","movie-category-documentary-en","tag-gender-and-diversity","tag-gender-and-diversity-en"],"acf":[],"yoast_head":"<!-- This site is optimized with the Yoast SEO plugin v27.5 - https:\/\/yoast.com\/product\/yoast-seo-wordpress\/ -->\n<title>Born in Evin - \u00d6sterreichisches Filminstitut<\/title>\n<meta name=\"robots\" content=\"index, follow, max-snippet:-1, max-image-preview:large, max-video-preview:-1\" \/>\n<link rel=\"canonical\" href=\"https:\/\/filminstitut.at\/en\/movies\/born-in-evin\" \/>\n<meta property=\"og:locale\" content=\"en_US\" \/>\n<meta property=\"og:type\" content=\"article\" \/>\n<meta property=\"og:title\" content=\"Born in Evin - \u00d6sterreichisches Filminstitut\" \/>\n<meta property=\"og:description\" content=\"Born in Evin follows filmmaker and actress, Maryam Zaree, on her quest to find out the violent circumstancessurrounding her birth inside one of the most notorious political prisons in the world.\" \/>\n<meta property=\"og:url\" content=\"https:\/\/filminstitut.at\/en\/movies\/born-in-evin\" \/>\n<meta property=\"og:site_name\" content=\"\u00d6sterreichisches Filminstitut\" \/>\n<meta property=\"article:publisher\" content=\"https:\/\/www.facebook.com\/filminstitut\" \/>\n<meta property=\"article:modified_time\" content=\"2021-02-11T13:40:20+00:00\" \/>\n<meta property=\"og:image\" content=\"https:\/\/filminstitut.at\/wp-content\/uploads\/2020\/07\/0221_born-in-evin-.jpg\" \/>\n\t<meta property=\"og:image:width\" content=\"653\" \/>\n\t<meta property=\"og:image:height\" content=\"922\" \/>\n\t<meta property=\"og:image:type\" content=\"image\/jpeg\" \/>\n<meta name=\"twitter:card\" content=\"summary_large_image\" \/>\n<script type=\"application\/ld+json\" class=\"yoast-schema-graph\">{\"@context\":\"https:\\\/\\\/schema.org\",\"@graph\":[{\"@type\":\"WebPage\",\"@id\":\"https:\\\/\\\/filminstitut.at\\\/en\\\/movies\\\/born-in-evin\",\"url\":\"https:\\\/\\\/filminstitut.at\\\/en\\\/movies\\\/born-in-evin\",\"name\":\"Born in Evin - \u00d6sterreichisches Filminstitut\",\"isPartOf\":{\"@id\":\"https:\\\/\\\/filminstitut.at\\\/en#website\"},\"primaryImageOfPage\":{\"@id\":\"https:\\\/\\\/filminstitut.at\\\/en\\\/movies\\\/born-in-evin#primaryimage\"},\"image\":{\"@id\":\"https:\\\/\\\/filminstitut.at\\\/en\\\/movies\\\/born-in-evin#primaryimage\"},\"thumbnailUrl\":\"https:\\\/\\\/filminstitut.at\\\/wp-content\\\/uploads\\\/2020\\\/07\\\/0221_born-in-evin-.jpg\",\"datePublished\":\"2020-07-19T13:59:11+00:00\",\"dateModified\":\"2021-02-11T13:40:20+00:00\",\"breadcrumb\":{\"@id\":\"https:\\\/\\\/filminstitut.at\\\/en\\\/movies\\\/born-in-evin#breadcrumb\"},\"inLanguage\":\"en\",\"potentialAction\":[{\"@type\":\"ReadAction\",\"target\":[\"https:\\\/\\\/filminstitut.at\\\/en\\\/movies\\\/born-in-evin\"]}]},{\"@type\":\"ImageObject\",\"inLanguage\":\"en\",\"@id\":\"https:\\\/\\\/filminstitut.at\\\/en\\\/movies\\\/born-in-evin#primaryimage\",\"url\":\"https:\\\/\\\/filminstitut.at\\\/wp-content\\\/uploads\\\/2020\\\/07\\\/0221_born-in-evin-.jpg\",\"contentUrl\":\"https:\\\/\\\/filminstitut.at\\\/wp-content\\\/uploads\\\/2020\\\/07\\\/0221_born-in-evin-.jpg\",\"width\":653,\"height\":922},{\"@type\":\"BreadcrumbList\",\"@id\":\"https:\\\/\\\/filminstitut.at\\\/en\\\/movies\\\/born-in-evin#breadcrumb\",\"itemListElement\":[{\"@type\":\"ListItem\",\"position\":1,\"name\":\"Home\",\"item\":\"https:\\\/\\\/filminstitut.at\\\/en\"},{\"@type\":\"ListItem\",\"position\":2,\"name\":\"Filme\",\"item\":\"https:\\\/\\\/filminstitut.at\\\/en\\\/movies\"},{\"@type\":\"ListItem\",\"position\":3,\"name\":\"Born in Evin\"}]},{\"@type\":\"WebSite\",\"@id\":\"https:\\\/\\\/filminstitut.at\\\/en#website\",\"url\":\"https:\\\/\\\/filminstitut.at\\\/en\",\"name\":\"\u00d6sterreichisches Filminstitut\",\"description\":\"Das \u00d6sterreichische Filminstitut ist die bundesweite F\u00f6rderstelle und Kompetenzzentrum f\u00fcr den Kinofilm.\",\"publisher\":{\"@id\":\"https:\\\/\\\/filminstitut.at\\\/en#organization\"},\"potentialAction\":[{\"@type\":\"SearchAction\",\"target\":{\"@type\":\"EntryPoint\",\"urlTemplate\":\"https:\\\/\\\/filminstitut.at\\\/en?s={search_term_string}\"},\"query-input\":{\"@type\":\"PropertyValueSpecification\",\"valueRequired\":true,\"valueName\":\"search_term_string\"}}],\"inLanguage\":\"en\"},{\"@type\":\"Organization\",\"@id\":\"https:\\\/\\\/filminstitut.at\\\/en#organization\",\"name\":\"\u00d6sterreichisches Filminstitut\",\"url\":\"https:\\\/\\\/filminstitut.at\\\/en\",\"logo\":{\"@type\":\"ImageObject\",\"inLanguage\":\"en\",\"@id\":\"https:\\\/\\\/filminstitut.at\\\/en#\\\/schema\\\/logo\\\/image\\\/\",\"url\":\"https:\\\/\\\/filminstitut.at\\\/wp-content\\\/uploads\\\/2025\\\/09\\\/OeFI_Logo_pos-scaled.jpg\",\"contentUrl\":\"https:\\\/\\\/filminstitut.at\\\/wp-content\\\/uploads\\\/2025\\\/09\\\/OeFI_Logo_pos-scaled.jpg\",\"width\":2560,\"height\":694,\"caption\":\"\u00d6sterreichisches Filminstitut\"},\"image\":{\"@id\":\"https:\\\/\\\/filminstitut.at\\\/en#\\\/schema\\\/logo\\\/image\\\/\"},\"sameAs\":[\"https:\\\/\\\/www.facebook.com\\\/filminstitut\",\"https:\\\/\\\/at.linkedin.com\\\/company\\\/sterreichisches-filminstitut\",\"https:\\\/\\\/www.instagram.com\\\/filminstitut\"]}]}<\/script>\n<!-- \/ Yoast SEO plugin. -->","yoast_head_json":{"title":"Born in Evin - \u00d6sterreichisches Filminstitut","robots":{"index":"index","follow":"follow","max-snippet":"max-snippet:-1","max-image-preview":"max-image-preview:large","max-video-preview":"max-video-preview:-1"},"canonical":"https:\/\/filminstitut.at\/en\/movies\/born-in-evin","og_locale":"en_US","og_type":"article","og_title":"Born in Evin - \u00d6sterreichisches Filminstitut","og_description":"Born in Evin follows filmmaker and actress, Maryam Zaree, on her quest to find out the violent circumstancessurrounding her birth inside one of the most notorious political prisons in the world.","og_url":"https:\/\/filminstitut.at\/en\/movies\/born-in-evin","og_site_name":"\u00d6sterreichisches Filminstitut","article_publisher":"https:\/\/www.facebook.com\/filminstitut","article_modified_time":"2021-02-11T13:40:20+00:00","og_image":[{"width":653,"height":922,"url":"https:\/\/filminstitut.at\/wp-content\/uploads\/2020\/07\/0221_born-in-evin-.jpg","type":"image\/jpeg"}],"twitter_card":"summary_large_image","schema":{"@context":"https:\/\/schema.org","@graph":[{"@type":"WebPage","@id":"https:\/\/filminstitut.at\/en\/movies\/born-in-evin","url":"https:\/\/filminstitut.at\/en\/movies\/born-in-evin","name":"Born in Evin - \u00d6sterreichisches Filminstitut","isPartOf":{"@id":"https:\/\/filminstitut.at\/en#website"},"primaryImageOfPage":{"@id":"https:\/\/filminstitut.at\/en\/movies\/born-in-evin#primaryimage"},"image":{"@id":"https:\/\/filminstitut.at\/en\/movies\/born-in-evin#primaryimage"},"thumbnailUrl":"https:\/\/filminstitut.at\/wp-content\/uploads\/2020\/07\/0221_born-in-evin-.jpg","datePublished":"2020-07-19T13:59:11+00:00","dateModified":"2021-02-11T13:40:20+00:00","breadcrumb":{"@id":"https:\/\/filminstitut.at\/en\/movies\/born-in-evin#breadcrumb"},"inLanguage":"en","potentialAction":[{"@type":"ReadAction","target":["https:\/\/filminstitut.at\/en\/movies\/born-in-evin"]}]},{"@type":"ImageObject","inLanguage":"en","@id":"https:\/\/filminstitut.at\/en\/movies\/born-in-evin#primaryimage","url":"https:\/\/filminstitut.at\/wp-content\/uploads\/2020\/07\/0221_born-in-evin-.jpg","contentUrl":"https:\/\/filminstitut.at\/wp-content\/uploads\/2020\/07\/0221_born-in-evin-.jpg","width":653,"height":922},{"@type":"BreadcrumbList","@id":"https:\/\/filminstitut.at\/en\/movies\/born-in-evin#breadcrumb","itemListElement":[{"@type":"ListItem","position":1,"name":"Home","item":"https:\/\/filminstitut.at\/en"},{"@type":"ListItem","position":2,"name":"Filme","item":"https:\/\/filminstitut.at\/en\/movies"},{"@type":"ListItem","position":3,"name":"Born in Evin"}]},{"@type":"WebSite","@id":"https:\/\/filminstitut.at\/en#website","url":"https:\/\/filminstitut.at\/en","name":"\u00d6sterreichisches Filminstitut","description":"Das \u00d6sterreichische Filminstitut ist die bundesweite F\u00f6rderstelle und Kompetenzzentrum f\u00fcr den Kinofilm.","publisher":{"@id":"https:\/\/filminstitut.at\/en#organization"},"potentialAction":[{"@type":"SearchAction","target":{"@type":"EntryPoint","urlTemplate":"https:\/\/filminstitut.at\/en?s={search_term_string}"},"query-input":{"@type":"PropertyValueSpecification","valueRequired":true,"valueName":"search_term_string"}}],"inLanguage":"en"},{"@type":"Organization","@id":"https:\/\/filminstitut.at\/en#organization","name":"\u00d6sterreichisches Filminstitut","url":"https:\/\/filminstitut.at\/en","logo":{"@type":"ImageObject","inLanguage":"en","@id":"https:\/\/filminstitut.at\/en#\/schema\/logo\/image\/","url":"https:\/\/filminstitut.at\/wp-content\/uploads\/2025\/09\/OeFI_Logo_pos-scaled.jpg","contentUrl":"https:\/\/filminstitut.at\/wp-content\/uploads\/2025\/09\/OeFI_Logo_pos-scaled.jpg","width":2560,"height":694,"caption":"\u00d6sterreichisches Filminstitut"},"image":{"@id":"https:\/\/filminstitut.at\/en#\/schema\/logo\/image\/"},"sameAs":["https:\/\/www.facebook.com\/filminstitut","https:\/\/at.linkedin.com\/company\/sterreichisches-filminstitut","https:\/\/www.instagram.com\/filminstitut"]}]}},"featured_img":"https:\/\/filminstitut.at\/wp-content\/uploads\/2020\/07\/0221_born-in-evin-.jpg","coauthors":[],"author_meta":{"author_link":"https:\/\/filminstitut.at\/en\/author\/fkm","display_name":"fkm"},"relative_dates":{"created":"Posted 6 years ago","modified":"Updated 5 years ago"},"absolute_dates":{"created":"Posted on 19. July 2020","modified":"Updated on 11. February 2021"},"absolute_dates_time":{"created":"Posted on 19. July 2020 13:59","modified":"Updated on 11. February 2021 14:40"},"featured_img_caption":"","tax_additional":{"director":{"linked":["<a href=\"https:\/\/filminstitut.at\/en\/director\/maryam-zaree-en\" class=\"advgb-post-tax-term\">Maryam Zaree<\/a>"],"unlinked":["<span class=\"advgb-post-tax-term\">Maryam Zaree<\/span>"],"slug":"director","name":"Directors"},"producer":{"linked":["<a href=\"https:\/\/filminstitut.at\/en\/producer\/golden-girls-filmproduktion-filmservices-gmbh-en\" class=\"advgb-post-tax-term\">Golden Girls Filmproduktion &amp; Filmservices GmbH<\/a>"],"unlinked":["<span class=\"advgb-post-tax-term\">Golden Girls Filmproduktion &amp; Filmservices GmbH<\/span>"],"slug":"producer","name":"Production"},"genre":{"linked":[],"unlinked":[],"slug":"genre","name":"Genres"},"fond":{"linked":["<a href=\"https:\/\/filminstitut.at\/en\/fond\/filminstitut-en\" class=\"advgb-post-tax-term\">Filminstitut<\/a>","<a href=\"https:\/\/filminstitut.at\/en\/fond\/filmstandort-austria-en\" class=\"advgb-post-tax-term\">Filmstandort Austria<\/a>"],"unlinked":["<span class=\"advgb-post-tax-term\">Filminstitut<\/span>","<span class=\"advgb-post-tax-term\">Filmstandort Austria<\/span>"],"slug":"fond","name":"F\u00f6rderungen \u00d6"},"distributor":{"linked":[],"unlinked":[],"slug":"distributor","name":"Weltvertriebe"},"rental":{"linked":["<a href=\"https:\/\/filminstitut.at\/en\/rental\/stadtkino-filmverleih-und-kinobetriebs-gesellschaft-m-b-h\" class=\"advgb-post-tax-term\">Stadtkino Filmverleih und Kinobetriebs Gesellschaft m.b.H.<\/a>"],"unlinked":["<span class=\"advgb-post-tax-term\">Stadtkino Filmverleih und Kinobetriebs Gesellschaft m.b.H.<\/span>"],"slug":"rental","name":"Verleihe"},"movie-category":{"linked":["<a href=\"https:\/\/filminstitut.at\/en\/movie-category\/documentary-en\" class=\"advgb-post-tax-term\">Documentary<\/a>"],"unlinked":["<span class=\"advgb-post-tax-term\">Documentary<\/span>"],"slug":"movie-category","name":"Categories"},"tag":{"linked":["<a href=\"https:\/\/filminstitut.at\/en\/tag\/gender-and-diversity-en\" class=\"advgb-post-tax-term\">Gender*Diversity*Inclusion<\/a>","<a href=\"https:\/\/filminstitut.at\/en\/tag\/gender-and-diversity-en\" class=\"advgb-post-tax-term\">Gender &amp; Diversity<\/a>"],"unlinked":["<span class=\"advgb-post-tax-term\">Gender*Diversity*Inclusion<\/span>","<span class=\"advgb-post-tax-term\">Gender &amp; Diversity<\/span>"],"slug":"tag","name":"Tags"},"funding_program":{"linked":["<a href=\"https:\/\/filminstitut.at\/en\/funding_program\/oefi\" class=\"advgb-post-tax-term\">\u00d6FI<\/a>"],"unlinked":["<span class=\"advgb-post-tax-term\">\u00d6FI<\/span>"],"slug":"funding_program","name":"F\u00f6rderprogramme"},"incentive":{"linked":[],"unlinked":[],"slug":"incentive","name":"Incentives"}},"series_order":"","_links":{"self":[{"href":"https:\/\/filminstitut.at\/en\/wp-json\/wp\/v2\/movie\/33448","targetHints":{"allow":["GET"]}}],"collection":[{"href":"https:\/\/filminstitut.at\/en\/wp-json\/wp\/v2\/movie"}],"about":[{"href":"https:\/\/filminstitut.at\/en\/wp-json\/wp\/v2\/types\/movie"}],"version-history":[{"count":1,"href":"https:\/\/filminstitut.at\/en\/wp-json\/wp\/v2\/movie\/33448\/revisions"}],"predecessor-version":[{"id":46986,"href":"https:\/\/filminstitut.at\/en\/wp-json\/wp\/v2\/movie\/33448\/revisions\/46986"}],"wp:featuredmedia":[{"embeddable":true,"href":"https:\/\/filminstitut.at\/en\/wp-json\/wp\/v2\/media\/45740"}],"wp:attachment":[{"href":"https:\/\/filminstitut.at\/en\/wp-json\/wp\/v2\/media?parent=33448"}],"wp:term":[{"taxonomy":"director","embeddable":true,"href":"https:\/\/filminstitut.at\/en\/wp-json\/wp\/v2\/director?post=33448"},{"taxonomy":"producer","embeddable":true,"href":"https:\/\/filminstitut.at\/en\/wp-json\/wp\/v2\/producer?post=33448"},{"taxonomy":"genre","embeddable":true,"href":"https:\/\/filminstitut.at\/en\/wp-json\/wp\/v2\/genre?post=33448"},{"taxonomy":"fond","embeddable":true,"href":"https:\/\/filminstitut.at\/en\/wp-json\/wp\/v2\/fond?post=33448"},{"taxonomy":"distributor","embeddable":true,"href":"https:\/\/filminstitut.at\/en\/wp-json\/wp\/v2\/distributor?post=33448"},{"taxonomy":"rental","embeddable":true,"href":"https:\/\/filminstitut.at\/en\/wp-json\/wp\/v2\/rental?post=33448"},{"taxonomy":"movie-category","embeddable":true,"href":"https:\/\/filminstitut.at\/en\/wp-json\/wp\/v2\/movie-category?post=33448"},{"taxonomy":"tag","embeddable":true,"href":"https:\/\/filminstitut.at\/en\/wp-json\/wp\/v2\/tag?post=33448"},{"taxonomy":"funding_program","embeddable":true,"href":"https:\/\/filminstitut.at\/en\/wp-json\/wp\/v2\/funding_program?post=33448"},{"taxonomy":"incentive","embeddable":true,"href":"https:\/\/filminstitut.at\/en\/wp-json\/wp\/v2\/incentive?post=33448"}],"curies":[{"name":"wp","href":"https:\/\/api.w.org\/{rel}","templated":true}]}}