{"id":33444,"date":"2020-07-19T13:59:11","date_gmt":"2020-07-19T13:59:11","guid":{"rendered":"https:\/\/filminstitut.at\/filme\/unter-der-haut-der-stadt"},"modified":"2026-03-16T15:18:44","modified_gmt":"2026-03-16T14:18:44","slug":"first-snow-of-summer","status":"publish","type":"movie","link":"https:\/\/filminstitut.at\/en\/movies\/first-snow-of-summer","title":{"rendered":"First Snow of Summer"},"content":{"rendered":"<p>Nine-year-old Alexander grows up in a small house with a small garden with his loving grandmother. On his tenth birthday, he promises her never to fall in love: He does not want to follow in his father\u2019s footsteps and share his fate. Every Sunday, Alexander visits his father in the tunnel systems of the Vienna underground. As a young adult, he starts to care for his father and decides to be nearby. Alexander\u2019s new workplace is a small lost-and-found office for the Vienna underground. Here he meets the beautiful and vivacious Caro. Alexander had already successfully resisted love two times before, now his promise will lead him into a bittersweet world and a fight between life and death \u2013 in which he will change the seasons from summer to winter.<\/p>\n","protected":false},"author":1,"featured_media":61341,"template":"","director":[9294],"producer":[5744],"genre":[8881],"fond":[6191,6193,6195],"distributor":[],"rental":[9080],"movie-category":[5657,5663],"tag":[],"funding_program":[9991],"incentive":[],"class_list":["post-33444","movie","type-movie","status-publish","has-post-thumbnail","hentry","director-chris-raiber-en","producer-interspot-film-gesellschaft-mbh-en","genre-drama-en","fond-filminstitut-en","fond-filmfonds-wien-en","fond-filmstandort-austria-en","rental-filmladen-filmverleih-gmbh-en","movie-category-new-talent-en","movie-category-feature-film-en"],"acf":[],"yoast_head":"<!-- This site is optimized with the Yoast SEO plugin v27.5 - https:\/\/yoast.com\/product\/yoast-seo-wordpress\/ -->\n<title>First Snow of Summer - \u00d6sterreichisches Filminstitut<\/title>\n<meta name=\"robots\" content=\"index, follow, max-snippet:-1, max-image-preview:large, max-video-preview:-1\" \/>\n<link rel=\"canonical\" href=\"https:\/\/filminstitut.at\/en\/movies\/first-snow-of-summer\" \/>\n<meta property=\"og:locale\" content=\"en_US\" \/>\n<meta property=\"og:type\" content=\"article\" \/>\n<meta property=\"og:title\" content=\"First Snow of Summer - \u00d6sterreichisches Filminstitut\" \/>\n<meta property=\"og:description\" content=\"Nine-year-old Alexander grows up in a small house with a small garden with his loving grandmother. On his tenth birthday, he promises her never to fall in love: He does not want to follow in his father\u2019s footsteps and share his fate. Every Sunday, Alexander visits his father in the tunnel systems of the Vienna &hellip; Continued\" \/>\n<meta property=\"og:url\" content=\"https:\/\/filminstitut.at\/en\/movies\/first-snow-of-summer\" \/>\n<meta property=\"og:site_name\" content=\"\u00d6sterreichisches Filminstitut\" \/>\n<meta property=\"article:publisher\" content=\"https:\/\/www.facebook.com\/filminstitut\" \/>\n<meta property=\"article:modified_time\" content=\"2026-03-16T14:18:44+00:00\" \/>\n<meta property=\"og:image\" content=\"https:\/\/filminstitut.at\/wp-content\/uploads\/2020\/07\/sterneunterderstadt_plakat-235x333-1.jpg\" \/>\n\t<meta property=\"og:image:width\" content=\"235\" \/>\n\t<meta property=\"og:image:height\" content=\"333\" \/>\n\t<meta property=\"og:image:type\" content=\"image\/jpeg\" \/>\n<meta name=\"twitter:card\" content=\"summary_large_image\" \/>\n<meta name=\"twitter:label1\" content=\"Est. reading time\" \/>\n\t<meta name=\"twitter:data1\" content=\"1 minute\" \/>\n<script type=\"application\/ld+json\" class=\"yoast-schema-graph\">{\"@context\":\"https:\\\/\\\/schema.org\",\"@graph\":[{\"@type\":\"WebPage\",\"@id\":\"https:\\\/\\\/filminstitut.at\\\/en\\\/movies\\\/first-snow-of-summer\",\"url\":\"https:\\\/\\\/filminstitut.at\\\/en\\\/movies\\\/first-snow-of-summer\",\"name\":\"First Snow of Summer - \u00d6sterreichisches Filminstitut\",\"isPartOf\":{\"@id\":\"https:\\\/\\\/filminstitut.at\\\/en#website\"},\"primaryImageOfPage\":{\"@id\":\"https:\\\/\\\/filminstitut.at\\\/en\\\/movies\\\/first-snow-of-summer#primaryimage\"},\"image\":{\"@id\":\"https:\\\/\\\/filminstitut.at\\\/en\\\/movies\\\/first-snow-of-summer#primaryimage\"},\"thumbnailUrl\":\"https:\\\/\\\/filminstitut.at\\\/wp-content\\\/uploads\\\/2020\\\/07\\\/sterneunterderstadt_plakat-235x333-1.jpg\",\"datePublished\":\"2020-07-19T13:59:11+00:00\",\"dateModified\":\"2026-03-16T14:18:44+00:00\",\"breadcrumb\":{\"@id\":\"https:\\\/\\\/filminstitut.at\\\/en\\\/movies\\\/first-snow-of-summer#breadcrumb\"},\"inLanguage\":\"en\",\"potentialAction\":[{\"@type\":\"ReadAction\",\"target\":[\"https:\\\/\\\/filminstitut.at\\\/en\\\/movies\\\/first-snow-of-summer\"]}]},{\"@type\":\"ImageObject\",\"inLanguage\":\"en\",\"@id\":\"https:\\\/\\\/filminstitut.at\\\/en\\\/movies\\\/first-snow-of-summer#primaryimage\",\"url\":\"https:\\\/\\\/filminstitut.at\\\/wp-content\\\/uploads\\\/2020\\\/07\\\/sterneunterderstadt_plakat-235x333-1.jpg\",\"contentUrl\":\"https:\\\/\\\/filminstitut.at\\\/wp-content\\\/uploads\\\/2020\\\/07\\\/sterneunterderstadt_plakat-235x333-1.jpg\",\"width\":235,\"height\":333},{\"@type\":\"BreadcrumbList\",\"@id\":\"https:\\\/\\\/filminstitut.at\\\/en\\\/movies\\\/first-snow-of-summer#breadcrumb\",\"itemListElement\":[{\"@type\":\"ListItem\",\"position\":1,\"name\":\"Home\",\"item\":\"https:\\\/\\\/filminstitut.at\\\/en\"},{\"@type\":\"ListItem\",\"position\":2,\"name\":\"Filme\",\"item\":\"https:\\\/\\\/filminstitut.at\\\/en\\\/movies\"},{\"@type\":\"ListItem\",\"position\":3,\"name\":\"First Snow of Summer\"}]},{\"@type\":\"WebSite\",\"@id\":\"https:\\\/\\\/filminstitut.at\\\/en#website\",\"url\":\"https:\\\/\\\/filminstitut.at\\\/en\",\"name\":\"\u00d6sterreichisches Filminstitut\",\"description\":\"Das \u00d6sterreichische Filminstitut ist die bundesweite F\u00f6rderstelle und Kompetenzzentrum f\u00fcr den Kinofilm.\",\"publisher\":{\"@id\":\"https:\\\/\\\/filminstitut.at\\\/en#organization\"},\"potentialAction\":[{\"@type\":\"SearchAction\",\"target\":{\"@type\":\"EntryPoint\",\"urlTemplate\":\"https:\\\/\\\/filminstitut.at\\\/en?s={search_term_string}\"},\"query-input\":{\"@type\":\"PropertyValueSpecification\",\"valueRequired\":true,\"valueName\":\"search_term_string\"}}],\"inLanguage\":\"en\"},{\"@type\":\"Organization\",\"@id\":\"https:\\\/\\\/filminstitut.at\\\/en#organization\",\"name\":\"\u00d6sterreichisches Filminstitut\",\"url\":\"https:\\\/\\\/filminstitut.at\\\/en\",\"logo\":{\"@type\":\"ImageObject\",\"inLanguage\":\"en\",\"@id\":\"https:\\\/\\\/filminstitut.at\\\/en#\\\/schema\\\/logo\\\/image\\\/\",\"url\":\"https:\\\/\\\/filminstitut.at\\\/wp-content\\\/uploads\\\/2025\\\/09\\\/OeFI_Logo_pos-scaled.jpg\",\"contentUrl\":\"https:\\\/\\\/filminstitut.at\\\/wp-content\\\/uploads\\\/2025\\\/09\\\/OeFI_Logo_pos-scaled.jpg\",\"width\":2560,\"height\":694,\"caption\":\"\u00d6sterreichisches Filminstitut\"},\"image\":{\"@id\":\"https:\\\/\\\/filminstitut.at\\\/en#\\\/schema\\\/logo\\\/image\\\/\"},\"sameAs\":[\"https:\\\/\\\/www.facebook.com\\\/filminstitut\",\"https:\\\/\\\/at.linkedin.com\\\/company\\\/sterreichisches-filminstitut\",\"https:\\\/\\\/www.instagram.com\\\/filminstitut\"]}]}<\/script>\n<!-- \/ Yoast SEO plugin. -->","yoast_head_json":{"title":"First Snow of Summer - \u00d6sterreichisches Filminstitut","robots":{"index":"index","follow":"follow","max-snippet":"max-snippet:-1","max-image-preview":"max-image-preview:large","max-video-preview":"max-video-preview:-1"},"canonical":"https:\/\/filminstitut.at\/en\/movies\/first-snow-of-summer","og_locale":"en_US","og_type":"article","og_title":"First Snow of Summer - \u00d6sterreichisches Filminstitut","og_description":"Nine-year-old Alexander grows up in a small house with a small garden with his loving grandmother. On his tenth birthday, he promises her never to fall in love: He does not want to follow in his father\u2019s footsteps and share his fate. Every Sunday, Alexander visits his father in the tunnel systems of the Vienna &hellip; Continued","og_url":"https:\/\/filminstitut.at\/en\/movies\/first-snow-of-summer","og_site_name":"\u00d6sterreichisches Filminstitut","article_publisher":"https:\/\/www.facebook.com\/filminstitut","article_modified_time":"2026-03-16T14:18:44+00:00","og_image":[{"width":235,"height":333,"url":"https:\/\/filminstitut.at\/wp-content\/uploads\/2020\/07\/sterneunterderstadt_plakat-235x333-1.jpg","type":"image\/jpeg"}],"twitter_card":"summary_large_image","twitter_misc":{"Est. reading time":"1 minute"},"schema":{"@context":"https:\/\/schema.org","@graph":[{"@type":"WebPage","@id":"https:\/\/filminstitut.at\/en\/movies\/first-snow-of-summer","url":"https:\/\/filminstitut.at\/en\/movies\/first-snow-of-summer","name":"First Snow of Summer - \u00d6sterreichisches Filminstitut","isPartOf":{"@id":"https:\/\/filminstitut.at\/en#website"},"primaryImageOfPage":{"@id":"https:\/\/filminstitut.at\/en\/movies\/first-snow-of-summer#primaryimage"},"image":{"@id":"https:\/\/filminstitut.at\/en\/movies\/first-snow-of-summer#primaryimage"},"thumbnailUrl":"https:\/\/filminstitut.at\/wp-content\/uploads\/2020\/07\/sterneunterderstadt_plakat-235x333-1.jpg","datePublished":"2020-07-19T13:59:11+00:00","dateModified":"2026-03-16T14:18:44+00:00","breadcrumb":{"@id":"https:\/\/filminstitut.at\/en\/movies\/first-snow-of-summer#breadcrumb"},"inLanguage":"en","potentialAction":[{"@type":"ReadAction","target":["https:\/\/filminstitut.at\/en\/movies\/first-snow-of-summer"]}]},{"@type":"ImageObject","inLanguage":"en","@id":"https:\/\/filminstitut.at\/en\/movies\/first-snow-of-summer#primaryimage","url":"https:\/\/filminstitut.at\/wp-content\/uploads\/2020\/07\/sterneunterderstadt_plakat-235x333-1.jpg","contentUrl":"https:\/\/filminstitut.at\/wp-content\/uploads\/2020\/07\/sterneunterderstadt_plakat-235x333-1.jpg","width":235,"height":333},{"@type":"BreadcrumbList","@id":"https:\/\/filminstitut.at\/en\/movies\/first-snow-of-summer#breadcrumb","itemListElement":[{"@type":"ListItem","position":1,"name":"Home","item":"https:\/\/filminstitut.at\/en"},{"@type":"ListItem","position":2,"name":"Filme","item":"https:\/\/filminstitut.at\/en\/movies"},{"@type":"ListItem","position":3,"name":"First Snow of Summer"}]},{"@type":"WebSite","@id":"https:\/\/filminstitut.at\/en#website","url":"https:\/\/filminstitut.at\/en","name":"\u00d6sterreichisches Filminstitut","description":"Das \u00d6sterreichische Filminstitut ist die bundesweite F\u00f6rderstelle und Kompetenzzentrum f\u00fcr den Kinofilm.","publisher":{"@id":"https:\/\/filminstitut.at\/en#organization"},"potentialAction":[{"@type":"SearchAction","target":{"@type":"EntryPoint","urlTemplate":"https:\/\/filminstitut.at\/en?s={search_term_string}"},"query-input":{"@type":"PropertyValueSpecification","valueRequired":true,"valueName":"search_term_string"}}],"inLanguage":"en"},{"@type":"Organization","@id":"https:\/\/filminstitut.at\/en#organization","name":"\u00d6sterreichisches Filminstitut","url":"https:\/\/filminstitut.at\/en","logo":{"@type":"ImageObject","inLanguage":"en","@id":"https:\/\/filminstitut.at\/en#\/schema\/logo\/image\/","url":"https:\/\/filminstitut.at\/wp-content\/uploads\/2025\/09\/OeFI_Logo_pos-scaled.jpg","contentUrl":"https:\/\/filminstitut.at\/wp-content\/uploads\/2025\/09\/OeFI_Logo_pos-scaled.jpg","width":2560,"height":694,"caption":"\u00d6sterreichisches Filminstitut"},"image":{"@id":"https:\/\/filminstitut.at\/en#\/schema\/logo\/image\/"},"sameAs":["https:\/\/www.facebook.com\/filminstitut","https:\/\/at.linkedin.com\/company\/sterreichisches-filminstitut","https:\/\/www.instagram.com\/filminstitut"]}]}},"featured_img":"https:\/\/filminstitut.at\/wp-content\/uploads\/2020\/07\/sterneunterderstadt_plakat-235x333-1.jpg","coauthors":[],"author_meta":{"author_link":"https:\/\/filminstitut.at\/en\/author\/fkm","display_name":"fkm"},"relative_dates":{"created":"Posted 6 years ago","modified":"Updated 2 months ago"},"absolute_dates":{"created":"Posted on 19. July 2020","modified":"Updated on 16. March 2026"},"absolute_dates_time":{"created":"Posted on 19. July 2020 13:59","modified":"Updated on 16. March 2026 15:18"},"featured_img_caption":"","tax_additional":{"director":{"linked":["<a href=\"https:\/\/filminstitut.at\/en\/director\/chris-raiber-en\" class=\"advgb-post-tax-term\">Chris Raiber<\/a>"],"unlinked":["<span class=\"advgb-post-tax-term\">Chris Raiber<\/span>"],"slug":"director","name":"Directors"},"producer":{"linked":["<a href=\"https:\/\/filminstitut.at\/en\/producer\/interspot-film-gesellschaft-mbh-en\" class=\"advgb-post-tax-term\">Interspot Film-Gesellschaft m.b.H.<\/a>"],"unlinked":["<span class=\"advgb-post-tax-term\">Interspot Film-Gesellschaft m.b.H.<\/span>"],"slug":"producer","name":"Production"},"genre":{"linked":["<a href=\"https:\/\/filminstitut.at\/en\/genre\/drama-en\" class=\"advgb-post-tax-term\">Drama<\/a>"],"unlinked":["<span class=\"advgb-post-tax-term\">Drama<\/span>"],"slug":"genre","name":"Genres"},"fond":{"linked":["<a href=\"https:\/\/filminstitut.at\/en\/fond\/filminstitut-en\" class=\"advgb-post-tax-term\">Filminstitut<\/a>","<a href=\"https:\/\/filminstitut.at\/en\/fond\/filmfonds-wien-en\" class=\"advgb-post-tax-term\">Filmfonds Wien<\/a>","<a href=\"https:\/\/filminstitut.at\/en\/fond\/filmstandort-austria-en\" class=\"advgb-post-tax-term\">Filmstandort Austria<\/a>"],"unlinked":["<span class=\"advgb-post-tax-term\">Filminstitut<\/span>","<span class=\"advgb-post-tax-term\">Filmfonds Wien<\/span>","<span class=\"advgb-post-tax-term\">Filmstandort Austria<\/span>"],"slug":"fond","name":"F\u00f6rderungen \u00d6"},"distributor":{"linked":[],"unlinked":[],"slug":"distributor","name":"Weltvertriebe"},"rental":{"linked":["<a href=\"https:\/\/filminstitut.at\/en\/rental\/filmladen-filmverleih-gmbh-en\" class=\"advgb-post-tax-term\">FILMLADEN Filmverleih GmbH<\/a>"],"unlinked":["<span class=\"advgb-post-tax-term\">FILMLADEN Filmverleih GmbH<\/span>"],"slug":"rental","name":"Verleihe"},"movie-category":{"linked":["<a href=\"https:\/\/filminstitut.at\/en\/movie-category\/new-talent-en\" class=\"advgb-post-tax-term\">New Talent<\/a>","<a href=\"https:\/\/filminstitut.at\/en\/movie-category\/feature-film-en\" class=\"advgb-post-tax-term\">Feature Film<\/a>"],"unlinked":["<span class=\"advgb-post-tax-term\">New Talent<\/span>","<span class=\"advgb-post-tax-term\">Feature Film<\/span>"],"slug":"movie-category","name":"Categories"},"tag":{"linked":[],"unlinked":[],"slug":"tag","name":"Tags"},"funding_program":{"linked":["<a href=\"https:\/\/filminstitut.at\/en\/funding_program\/oefi\" class=\"advgb-post-tax-term\">\u00d6FI<\/a>"],"unlinked":["<span class=\"advgb-post-tax-term\">\u00d6FI<\/span>"],"slug":"funding_program","name":"F\u00f6rderprogramme"},"incentive":{"linked":[],"unlinked":[],"slug":"incentive","name":"Incentives"}},"series_order":"","_links":{"self":[{"href":"https:\/\/filminstitut.at\/en\/wp-json\/wp\/v2\/movie\/33444","targetHints":{"allow":["GET"]}}],"collection":[{"href":"https:\/\/filminstitut.at\/en\/wp-json\/wp\/v2\/movie"}],"about":[{"href":"https:\/\/filminstitut.at\/en\/wp-json\/wp\/v2\/types\/movie"}],"version-history":[{"count":7,"href":"https:\/\/filminstitut.at\/en\/wp-json\/wp\/v2\/movie\/33444\/revisions"}],"predecessor-version":[{"id":82095,"href":"https:\/\/filminstitut.at\/en\/wp-json\/wp\/v2\/movie\/33444\/revisions\/82095"}],"wp:featuredmedia":[{"embeddable":true,"href":"https:\/\/filminstitut.at\/en\/wp-json\/wp\/v2\/media\/61341"}],"wp:attachment":[{"href":"https:\/\/filminstitut.at\/en\/wp-json\/wp\/v2\/media?parent=33444"}],"wp:term":[{"taxonomy":"director","embeddable":true,"href":"https:\/\/filminstitut.at\/en\/wp-json\/wp\/v2\/director?post=33444"},{"taxonomy":"producer","embeddable":true,"href":"https:\/\/filminstitut.at\/en\/wp-json\/wp\/v2\/producer?post=33444"},{"taxonomy":"genre","embeddable":true,"href":"https:\/\/filminstitut.at\/en\/wp-json\/wp\/v2\/genre?post=33444"},{"taxonomy":"fond","embeddable":true,"href":"https:\/\/filminstitut.at\/en\/wp-json\/wp\/v2\/fond?post=33444"},{"taxonomy":"distributor","embeddable":true,"href":"https:\/\/filminstitut.at\/en\/wp-json\/wp\/v2\/distributor?post=33444"},{"taxonomy":"rental","embeddable":true,"href":"https:\/\/filminstitut.at\/en\/wp-json\/wp\/v2\/rental?post=33444"},{"taxonomy":"movie-category","embeddable":true,"href":"https:\/\/filminstitut.at\/en\/wp-json\/wp\/v2\/movie-category?post=33444"},{"taxonomy":"tag","embeddable":true,"href":"https:\/\/filminstitut.at\/en\/wp-json\/wp\/v2\/tag?post=33444"},{"taxonomy":"funding_program","embeddable":true,"href":"https:\/\/filminstitut.at\/en\/wp-json\/wp\/v2\/funding_program?post=33444"},{"taxonomy":"incentive","embeddable":true,"href":"https:\/\/filminstitut.at\/en\/wp-json\/wp\/v2\/incentive?post=33444"}],"curies":[{"name":"wp","href":"https:\/\/api.w.org\/{rel}","templated":true}]}}