{"id":32412,"date":"2020-07-19T13:59:11","date_gmt":"2020-07-19T13:59:11","guid":{"rendered":"https:\/\/filminstitut.at\/filme\/korida"},"modified":"2020-07-19T13:59:11","modified_gmt":"2020-07-19T13:59:11","slug":"korida","status":"publish","type":"movie","link":"https:\/\/filminstitut.at\/en\/movies\/korida","title":{"rendered":"Korida"},"content":{"rendered":"<p>&quot;Messi versus Ronaldo&quot; begleitet drei Protagonisten auf ihrer bewegenden Reise durch die Welt der bisher kaum filmisch festgehaltenen bosnischen Stierk\u00e4mpfe, der Koridas. Dieser Dokumentarfilm n\u00e4hert sich dem Ph\u00e4nomen Korida und er\u00f6ffnet uns neue Blickwinkel auf fremde Strukturen und althergebrachte Vorstellungen. Was genau sind Koridas? Was macht sie so anziehend, dass sie eine derartige Faszination ausl\u00f6sen? Warum vergessen gerade hier die drei noch immer verfeindeten ex-jugoslawischen Ethnien ihre Differenzen und lassen die Stiere stattdessen k\u00e4mpfen? Stimmt es, dass Koridas dem bosnischen Volk mehr Frieden gebracht h\u00e4tten als die Europ\u00e4ische Union?<\/p>\n","protected":false},"author":1,"featured_media":8864,"template":"","director":[7543],"producer":[5738],"genre":[],"fond":[6191,6195,6211,6252],"distributor":[],"rental":[9094],"movie-category":[5649],"tag":[749,8904],"funding_program":[9991],"incentive":[],"class_list":["post-32412","movie","type-movie","status-publish","has-post-thumbnail","hentry","director-sinia-vidovic-en","producer-golden-girls-filmproduktion-filmservices-gmbh-en","fond-filminstitut-en","fond-filmstandort-austria-en","fond-land-obersterreich-en","fond-cine-art-en","rental-golden-girls-filmproduktion-filmservices-gmbh-en","movie-category-documentary-en","tag-gender-and-diversity","tag-gender-and-diversity-en"],"acf":[],"yoast_head":"<!-- This site is optimized with the Yoast SEO plugin v27.5 - https:\/\/yoast.com\/product\/yoast-seo-wordpress\/ -->\n<title>Korida - \u00d6sterreichisches Filminstitut<\/title>\n<meta name=\"robots\" content=\"index, follow, max-snippet:-1, max-image-preview:large, max-video-preview:-1\" \/>\n<link rel=\"canonical\" href=\"https:\/\/filminstitut.at\/en\/movies\/korida\" \/>\n<meta property=\"og:locale\" content=\"en_US\" \/>\n<meta property=\"og:type\" content=\"article\" \/>\n<meta property=\"og:title\" content=\"Korida - \u00d6sterreichisches Filminstitut\" \/>\n<meta property=\"og:description\" content=\"&quot;Messi versus Ronaldo&quot; begleitet drei Protagonisten auf ihrer bewegenden Reise durch die Welt der bisher kaum filmisch festgehaltenen bosnischen Stierk\u00e4mpfe, der Koridas. Dieser Dokumentarfilm n\u00e4hert sich dem Ph\u00e4nomen Korida und er\u00f6ffnet uns neue Blickwinkel auf fremde Strukturen und althergebrachte Vorstellungen. Was genau sind Koridas? Was macht sie so anziehend, dass sie eine derartige Faszination ausl\u00f6sen? &hellip; Continued\" \/>\n<meta property=\"og:url\" content=\"https:\/\/filminstitut.at\/en\/movies\/korida\" \/>\n<meta property=\"og:site_name\" content=\"\u00d6sterreichisches Filminstitut\" \/>\n<meta property=\"article:publisher\" content=\"https:\/\/www.facebook.com\/filminstitut\" \/>\n<meta property=\"og:image\" content=\"https:\/\/filminstitut.at\/wp-content\/uploads\/2020\/02\/57ff91cbd61d6.jpg\" \/>\n\t<meta property=\"og:image:width\" content=\"1131\" \/>\n\t<meta property=\"og:image:height\" content=\"1600\" \/>\n\t<meta property=\"og:image:type\" content=\"image\/jpeg\" \/>\n<meta name=\"twitter:card\" content=\"summary_large_image\" \/>\n<script type=\"application\/ld+json\" class=\"yoast-schema-graph\">{\"@context\":\"https:\\\/\\\/schema.org\",\"@graph\":[{\"@type\":\"WebPage\",\"@id\":\"https:\\\/\\\/filminstitut.at\\\/en\\\/movies\\\/korida\",\"url\":\"https:\\\/\\\/filminstitut.at\\\/en\\\/movies\\\/korida\",\"name\":\"Korida - \u00d6sterreichisches Filminstitut\",\"isPartOf\":{\"@id\":\"https:\\\/\\\/filminstitut.at\\\/en#website\"},\"primaryImageOfPage\":{\"@id\":\"https:\\\/\\\/filminstitut.at\\\/en\\\/movies\\\/korida#primaryimage\"},\"image\":{\"@id\":\"https:\\\/\\\/filminstitut.at\\\/en\\\/movies\\\/korida#primaryimage\"},\"thumbnailUrl\":\"https:\\\/\\\/filminstitut.at\\\/wp-content\\\/uploads\\\/2020\\\/02\\\/57ff91cbd61d6.jpg\",\"datePublished\":\"2020-07-19T13:59:11+00:00\",\"breadcrumb\":{\"@id\":\"https:\\\/\\\/filminstitut.at\\\/en\\\/movies\\\/korida#breadcrumb\"},\"inLanguage\":\"en\",\"potentialAction\":[{\"@type\":\"ReadAction\",\"target\":[\"https:\\\/\\\/filminstitut.at\\\/en\\\/movies\\\/korida\"]}]},{\"@type\":\"ImageObject\",\"inLanguage\":\"en\",\"@id\":\"https:\\\/\\\/filminstitut.at\\\/en\\\/movies\\\/korida#primaryimage\",\"url\":\"https:\\\/\\\/filminstitut.at\\\/wp-content\\\/uploads\\\/2020\\\/02\\\/57ff91cbd61d6.jpg\",\"contentUrl\":\"https:\\\/\\\/filminstitut.at\\\/wp-content\\\/uploads\\\/2020\\\/02\\\/57ff91cbd61d6.jpg\",\"width\":1131,\"height\":1600,\"caption\":\"Filmplakat f\u00fcr Korida mit einer Zeichnung von zwei gegen\u00fcberspringenden Stieren und einer Frau in einem gr\u00fcnen Kleid, die eine Fahne mit der Aufschrift Drei Nationen Zwei Stiere Ein Kampf h\u00e4lt, im Hintergrund jubeln Schattenfiguren vor blauem Himmel mit Wolken.\"},{\"@type\":\"BreadcrumbList\",\"@id\":\"https:\\\/\\\/filminstitut.at\\\/en\\\/movies\\\/korida#breadcrumb\",\"itemListElement\":[{\"@type\":\"ListItem\",\"position\":1,\"name\":\"Home\",\"item\":\"https:\\\/\\\/filminstitut.at\\\/en\"},{\"@type\":\"ListItem\",\"position\":2,\"name\":\"Filme\",\"item\":\"https:\\\/\\\/filminstitut.at\\\/en\\\/movies\"},{\"@type\":\"ListItem\",\"position\":3,\"name\":\"Korida\"}]},{\"@type\":\"WebSite\",\"@id\":\"https:\\\/\\\/filminstitut.at\\\/en#website\",\"url\":\"https:\\\/\\\/filminstitut.at\\\/en\",\"name\":\"\u00d6sterreichisches Filminstitut\",\"description\":\"Das \u00d6sterreichische Filminstitut ist die bundesweite F\u00f6rderstelle und Kompetenzzentrum f\u00fcr den Kinofilm.\",\"publisher\":{\"@id\":\"https:\\\/\\\/filminstitut.at\\\/en#organization\"},\"potentialAction\":[{\"@type\":\"SearchAction\",\"target\":{\"@type\":\"EntryPoint\",\"urlTemplate\":\"https:\\\/\\\/filminstitut.at\\\/en?s={search_term_string}\"},\"query-input\":{\"@type\":\"PropertyValueSpecification\",\"valueRequired\":true,\"valueName\":\"search_term_string\"}}],\"inLanguage\":\"en\"},{\"@type\":\"Organization\",\"@id\":\"https:\\\/\\\/filminstitut.at\\\/en#organization\",\"name\":\"\u00d6sterreichisches Filminstitut\",\"url\":\"https:\\\/\\\/filminstitut.at\\\/en\",\"logo\":{\"@type\":\"ImageObject\",\"inLanguage\":\"en\",\"@id\":\"https:\\\/\\\/filminstitut.at\\\/en#\\\/schema\\\/logo\\\/image\\\/\",\"url\":\"https:\\\/\\\/filminstitut.at\\\/wp-content\\\/uploads\\\/2025\\\/09\\\/OeFI_Logo_pos-scaled.jpg\",\"contentUrl\":\"https:\\\/\\\/filminstitut.at\\\/wp-content\\\/uploads\\\/2025\\\/09\\\/OeFI_Logo_pos-scaled.jpg\",\"width\":2560,\"height\":694,\"caption\":\"\u00d6sterreichisches Filminstitut\"},\"image\":{\"@id\":\"https:\\\/\\\/filminstitut.at\\\/en#\\\/schema\\\/logo\\\/image\\\/\"},\"sameAs\":[\"https:\\\/\\\/www.facebook.com\\\/filminstitut\",\"https:\\\/\\\/at.linkedin.com\\\/company\\\/sterreichisches-filminstitut\",\"https:\\\/\\\/www.instagram.com\\\/filminstitut\"]}]}<\/script>\n<!-- \/ Yoast SEO plugin. -->","yoast_head_json":{"title":"Korida - \u00d6sterreichisches Filminstitut","robots":{"index":"index","follow":"follow","max-snippet":"max-snippet:-1","max-image-preview":"max-image-preview:large","max-video-preview":"max-video-preview:-1"},"canonical":"https:\/\/filminstitut.at\/en\/movies\/korida","og_locale":"en_US","og_type":"article","og_title":"Korida - \u00d6sterreichisches Filminstitut","og_description":"&quot;Messi versus Ronaldo&quot; begleitet drei Protagonisten auf ihrer bewegenden Reise durch die Welt der bisher kaum filmisch festgehaltenen bosnischen Stierk\u00e4mpfe, der Koridas. Dieser Dokumentarfilm n\u00e4hert sich dem Ph\u00e4nomen Korida und er\u00f6ffnet uns neue Blickwinkel auf fremde Strukturen und althergebrachte Vorstellungen. Was genau sind Koridas? Was macht sie so anziehend, dass sie eine derartige Faszination ausl\u00f6sen? &hellip; Continued","og_url":"https:\/\/filminstitut.at\/en\/movies\/korida","og_site_name":"\u00d6sterreichisches Filminstitut","article_publisher":"https:\/\/www.facebook.com\/filminstitut","og_image":[{"width":1131,"height":1600,"url":"https:\/\/filminstitut.at\/wp-content\/uploads\/2020\/02\/57ff91cbd61d6.jpg","type":"image\/jpeg"}],"twitter_card":"summary_large_image","schema":{"@context":"https:\/\/schema.org","@graph":[{"@type":"WebPage","@id":"https:\/\/filminstitut.at\/en\/movies\/korida","url":"https:\/\/filminstitut.at\/en\/movies\/korida","name":"Korida - \u00d6sterreichisches Filminstitut","isPartOf":{"@id":"https:\/\/filminstitut.at\/en#website"},"primaryImageOfPage":{"@id":"https:\/\/filminstitut.at\/en\/movies\/korida#primaryimage"},"image":{"@id":"https:\/\/filminstitut.at\/en\/movies\/korida#primaryimage"},"thumbnailUrl":"https:\/\/filminstitut.at\/wp-content\/uploads\/2020\/02\/57ff91cbd61d6.jpg","datePublished":"2020-07-19T13:59:11+00:00","breadcrumb":{"@id":"https:\/\/filminstitut.at\/en\/movies\/korida#breadcrumb"},"inLanguage":"en","potentialAction":[{"@type":"ReadAction","target":["https:\/\/filminstitut.at\/en\/movies\/korida"]}]},{"@type":"ImageObject","inLanguage":"en","@id":"https:\/\/filminstitut.at\/en\/movies\/korida#primaryimage","url":"https:\/\/filminstitut.at\/wp-content\/uploads\/2020\/02\/57ff91cbd61d6.jpg","contentUrl":"https:\/\/filminstitut.at\/wp-content\/uploads\/2020\/02\/57ff91cbd61d6.jpg","width":1131,"height":1600,"caption":"Filmplakat f\u00fcr Korida mit einer Zeichnung von zwei gegen\u00fcberspringenden Stieren und einer Frau in einem gr\u00fcnen Kleid, die eine Fahne mit der Aufschrift Drei Nationen Zwei Stiere Ein Kampf h\u00e4lt, im Hintergrund jubeln Schattenfiguren vor blauem Himmel mit Wolken."},{"@type":"BreadcrumbList","@id":"https:\/\/filminstitut.at\/en\/movies\/korida#breadcrumb","itemListElement":[{"@type":"ListItem","position":1,"name":"Home","item":"https:\/\/filminstitut.at\/en"},{"@type":"ListItem","position":2,"name":"Filme","item":"https:\/\/filminstitut.at\/en\/movies"},{"@type":"ListItem","position":3,"name":"Korida"}]},{"@type":"WebSite","@id":"https:\/\/filminstitut.at\/en#website","url":"https:\/\/filminstitut.at\/en","name":"\u00d6sterreichisches Filminstitut","description":"Das \u00d6sterreichische Filminstitut ist die bundesweite F\u00f6rderstelle und Kompetenzzentrum f\u00fcr den Kinofilm.","publisher":{"@id":"https:\/\/filminstitut.at\/en#organization"},"potentialAction":[{"@type":"SearchAction","target":{"@type":"EntryPoint","urlTemplate":"https:\/\/filminstitut.at\/en?s={search_term_string}"},"query-input":{"@type":"PropertyValueSpecification","valueRequired":true,"valueName":"search_term_string"}}],"inLanguage":"en"},{"@type":"Organization","@id":"https:\/\/filminstitut.at\/en#organization","name":"\u00d6sterreichisches Filminstitut","url":"https:\/\/filminstitut.at\/en","logo":{"@type":"ImageObject","inLanguage":"en","@id":"https:\/\/filminstitut.at\/en#\/schema\/logo\/image\/","url":"https:\/\/filminstitut.at\/wp-content\/uploads\/2025\/09\/OeFI_Logo_pos-scaled.jpg","contentUrl":"https:\/\/filminstitut.at\/wp-content\/uploads\/2025\/09\/OeFI_Logo_pos-scaled.jpg","width":2560,"height":694,"caption":"\u00d6sterreichisches Filminstitut"},"image":{"@id":"https:\/\/filminstitut.at\/en#\/schema\/logo\/image\/"},"sameAs":["https:\/\/www.facebook.com\/filminstitut","https:\/\/at.linkedin.com\/company\/sterreichisches-filminstitut","https:\/\/www.instagram.com\/filminstitut"]}]}},"featured_img":"https:\/\/filminstitut.at\/wp-content\/uploads\/2020\/02\/57ff91cbd61d6.jpg","coauthors":[],"author_meta":{"author_link":"https:\/\/filminstitut.at\/en\/author\/fkm","display_name":"fkm"},"relative_dates":{"created":"Posted 6 years ago","modified":"Updated 6 years ago"},"absolute_dates":{"created":"Posted on 19. July 2020","modified":"Updated on 19. July 2020"},"absolute_dates_time":{"created":"Posted on 19. July 2020 13:59","modified":"Updated on 19. July 2020 13:59"},"featured_img_caption":"","tax_additional":{"director":{"linked":["<a href=\"https:\/\/filminstitut.at\/en\/director\/sinia-vidovic-en\" class=\"advgb-post-tax-term\">Sini\u0161a Vidovic<\/a>"],"unlinked":["<span class=\"advgb-post-tax-term\">Sini\u0161a Vidovic<\/span>"],"slug":"director","name":"Directors"},"producer":{"linked":["<a href=\"https:\/\/filminstitut.at\/en\/producer\/golden-girls-filmproduktion-filmservices-gmbh-en\" class=\"advgb-post-tax-term\">Golden Girls Filmproduktion &amp; Filmservices GmbH<\/a>"],"unlinked":["<span class=\"advgb-post-tax-term\">Golden Girls Filmproduktion &amp; Filmservices GmbH<\/span>"],"slug":"producer","name":"Production"},"genre":{"linked":[],"unlinked":[],"slug":"genre","name":"Genres"},"fond":{"linked":["<a href=\"https:\/\/filminstitut.at\/en\/fond\/filminstitut-en\" class=\"advgb-post-tax-term\">Filminstitut<\/a>","<a href=\"https:\/\/filminstitut.at\/en\/fond\/filmstandort-austria-en\" class=\"advgb-post-tax-term\">Filmstandort Austria<\/a>","<a href=\"https:\/\/filminstitut.at\/en\/fond\/land-obersterreich-en\" class=\"advgb-post-tax-term\">Land Ober\u00f6sterreich<\/a>","<a href=\"https:\/\/filminstitut.at\/en\/fond\/cine-art-en\" class=\"advgb-post-tax-term\">Cine Art<\/a>"],"unlinked":["<span class=\"advgb-post-tax-term\">Filminstitut<\/span>","<span class=\"advgb-post-tax-term\">Filmstandort Austria<\/span>","<span class=\"advgb-post-tax-term\">Land Ober\u00f6sterreich<\/span>","<span class=\"advgb-post-tax-term\">Cine Art<\/span>"],"slug":"fond","name":"F\u00f6rderungen \u00d6"},"distributor":{"linked":[],"unlinked":[],"slug":"distributor","name":"Weltvertriebe"},"rental":{"linked":["<a href=\"https:\/\/filminstitut.at\/en\/rental\/golden-girls-filmproduktion-filmservices-gmbh-en\" class=\"advgb-post-tax-term\">Golden Girls Filmproduktion &amp; Filmservices GmbH<\/a>"],"unlinked":["<span class=\"advgb-post-tax-term\">Golden Girls Filmproduktion &amp; Filmservices GmbH<\/span>"],"slug":"rental","name":"Verleihe"},"movie-category":{"linked":["<a href=\"https:\/\/filminstitut.at\/en\/movie-category\/documentary-en\" class=\"advgb-post-tax-term\">Documentary<\/a>"],"unlinked":["<span class=\"advgb-post-tax-term\">Documentary<\/span>"],"slug":"movie-category","name":"Categories"},"tag":{"linked":["<a href=\"https:\/\/filminstitut.at\/en\/tag\/gender-and-diversity-en\" class=\"advgb-post-tax-term\">Gender*Diversity*Inclusion<\/a>","<a href=\"https:\/\/filminstitut.at\/en\/tag\/gender-and-diversity-en\" class=\"advgb-post-tax-term\">Gender &amp; Diversity<\/a>"],"unlinked":["<span class=\"advgb-post-tax-term\">Gender*Diversity*Inclusion<\/span>","<span class=\"advgb-post-tax-term\">Gender &amp; Diversity<\/span>"],"slug":"tag","name":"Tags"},"funding_program":{"linked":["<a href=\"https:\/\/filminstitut.at\/en\/funding_program\/oefi\" class=\"advgb-post-tax-term\">\u00d6FI<\/a>"],"unlinked":["<span class=\"advgb-post-tax-term\">\u00d6FI<\/span>"],"slug":"funding_program","name":"F\u00f6rderprogramme"},"incentive":{"linked":[],"unlinked":[],"slug":"incentive","name":"Incentives"}},"series_order":"","_links":{"self":[{"href":"https:\/\/filminstitut.at\/en\/wp-json\/wp\/v2\/movie\/32412","targetHints":{"allow":["GET"]}}],"collection":[{"href":"https:\/\/filminstitut.at\/en\/wp-json\/wp\/v2\/movie"}],"about":[{"href":"https:\/\/filminstitut.at\/en\/wp-json\/wp\/v2\/types\/movie"}],"version-history":[{"count":0,"href":"https:\/\/filminstitut.at\/en\/wp-json\/wp\/v2\/movie\/32412\/revisions"}],"wp:featuredmedia":[{"embeddable":true,"href":"https:\/\/filminstitut.at\/en\/wp-json\/wp\/v2\/media\/8864"}],"wp:attachment":[{"href":"https:\/\/filminstitut.at\/en\/wp-json\/wp\/v2\/media?parent=32412"}],"wp:term":[{"taxonomy":"director","embeddable":true,"href":"https:\/\/filminstitut.at\/en\/wp-json\/wp\/v2\/director?post=32412"},{"taxonomy":"producer","embeddable":true,"href":"https:\/\/filminstitut.at\/en\/wp-json\/wp\/v2\/producer?post=32412"},{"taxonomy":"genre","embeddable":true,"href":"https:\/\/filminstitut.at\/en\/wp-json\/wp\/v2\/genre?post=32412"},{"taxonomy":"fond","embeddable":true,"href":"https:\/\/filminstitut.at\/en\/wp-json\/wp\/v2\/fond?post=32412"},{"taxonomy":"distributor","embeddable":true,"href":"https:\/\/filminstitut.at\/en\/wp-json\/wp\/v2\/distributor?post=32412"},{"taxonomy":"rental","embeddable":true,"href":"https:\/\/filminstitut.at\/en\/wp-json\/wp\/v2\/rental?post=32412"},{"taxonomy":"movie-category","embeddable":true,"href":"https:\/\/filminstitut.at\/en\/wp-json\/wp\/v2\/movie-category?post=32412"},{"taxonomy":"tag","embeddable":true,"href":"https:\/\/filminstitut.at\/en\/wp-json\/wp\/v2\/tag?post=32412"},{"taxonomy":"funding_program","embeddable":true,"href":"https:\/\/filminstitut.at\/en\/wp-json\/wp\/v2\/funding_program?post=32412"},{"taxonomy":"incentive","embeddable":true,"href":"https:\/\/filminstitut.at\/en\/wp-json\/wp\/v2\/incentive?post=32412"}],"curies":[{"name":"wp","href":"https:\/\/api.w.org\/{rel}","templated":true}]}}