{"id":32298,"date":"2020-07-19T13:59:11","date_gmt":"2020-07-19T13:59:11","guid":{"rendered":"https:\/\/filminstitut.at\/filme\/derstilleberg"},"modified":"2026-03-16T15:09:36","modified_gmt":"2026-03-16T14:09:36","slug":"the-silent-mountain","status":"publish","type":"movie","link":"https:\/\/filminstitut.at\/en\/movies\/the-silent-mountain","title":{"rendered":"The Silent Mountain"},"content":{"rendered":"<p>At his sister\u2019s wedding, Andreas (20) from Tirol, discovers the opposite sex for the first time in his life, but the young love has no time to blossom, because the very next day Andreas is sent off to new front lines in the mountains. Italy has declared war against Austria. World War I steamrolls through Tirol and turns the Dolomiti Mountains into one of the most bizarre battlefields in the history of mankind ? in between the love of Andreas and his Francesca.<\/p>\n","protected":false},"author":1,"featured_media":8506,"template":"","director":[7035],"producer":[5832,5944],"genre":[],"fond":[6191,6193,6195,6201],"distributor":[],"rental":[9068],"movie-category":[5663],"tag":[],"funding_program":[9991],"incentive":[],"class_list":["post-32298","movie","type-movie","status-publish","has-post-thumbnail","hentry","director-ernst-gossner-en","producer-sigma-filmproduktion-gmbh-en","producer-bilgeri-film-productions-gmbh-en","fond-filminstitut-en","fond-filmfonds-wien-en","fond-filmstandort-austria-en","fond-cine-tirol-en","rental-constantin-film-holding-gesellschaft-m-b-h","movie-category-feature-film-en"],"acf":[],"yoast_head":"<!-- This site is optimized with the Yoast SEO plugin v27.5 - https:\/\/yoast.com\/product\/yoast-seo-wordpress\/ -->\n<title>The Silent Mountain - \u00d6sterreichisches Filminstitut<\/title>\n<meta name=\"robots\" content=\"index, follow, max-snippet:-1, max-image-preview:large, max-video-preview:-1\" \/>\n<link rel=\"canonical\" href=\"https:\/\/filminstitut.at\/en\/movies\/the-silent-mountain\" \/>\n<meta property=\"og:locale\" content=\"en_US\" \/>\n<meta property=\"og:type\" content=\"article\" \/>\n<meta property=\"og:title\" content=\"The Silent Mountain - \u00d6sterreichisches Filminstitut\" \/>\n<meta property=\"og:description\" content=\"At his sister\u2019s wedding, Andreas (20) from Tirol, discovers the opposite sex for the first time in his life, but the young love has no time to blossom, because the very next day Andreas is sent off to new front lines in the mountains. Italy has declared war against Austria. World War I steamrolls through &hellip; Continued\" \/>\n<meta property=\"og:url\" content=\"https:\/\/filminstitut.at\/en\/movies\/the-silent-mountain\" \/>\n<meta property=\"og:site_name\" content=\"\u00d6sterreichisches Filminstitut\" \/>\n<meta property=\"article:publisher\" content=\"https:\/\/www.facebook.com\/filminstitut\" \/>\n<meta property=\"article:modified_time\" content=\"2026-03-16T14:09:36+00:00\" \/>\n<meta property=\"og:image\" content=\"https:\/\/filminstitut.at\/wp-content\/uploads\/2020\/02\/57a1aedb95c1e.jpg\" \/>\n\t<meta property=\"og:image:width\" content=\"1138\" \/>\n\t<meta property=\"og:image:height\" content=\"1600\" \/>\n\t<meta property=\"og:image:type\" content=\"image\/jpeg\" \/>\n<meta name=\"twitter:card\" content=\"summary_large_image\" \/>\n<script type=\"application\/ld+json\" class=\"yoast-schema-graph\">{\"@context\":\"https:\\\/\\\/schema.org\",\"@graph\":[{\"@type\":\"WebPage\",\"@id\":\"https:\\\/\\\/filminstitut.at\\\/en\\\/movies\\\/the-silent-mountain\",\"url\":\"https:\\\/\\\/filminstitut.at\\\/en\\\/movies\\\/the-silent-mountain\",\"name\":\"The Silent Mountain - \u00d6sterreichisches Filminstitut\",\"isPartOf\":{\"@id\":\"https:\\\/\\\/filminstitut.at\\\/en#website\"},\"primaryImageOfPage\":{\"@id\":\"https:\\\/\\\/filminstitut.at\\\/en\\\/movies\\\/the-silent-mountain#primaryimage\"},\"image\":{\"@id\":\"https:\\\/\\\/filminstitut.at\\\/en\\\/movies\\\/the-silent-mountain#primaryimage\"},\"thumbnailUrl\":\"https:\\\/\\\/filminstitut.at\\\/wp-content\\\/uploads\\\/2020\\\/02\\\/57a1aedb95c1e.jpg\",\"datePublished\":\"2020-07-19T13:59:11+00:00\",\"dateModified\":\"2026-03-16T14:09:36+00:00\",\"breadcrumb\":{\"@id\":\"https:\\\/\\\/filminstitut.at\\\/en\\\/movies\\\/the-silent-mountain#breadcrumb\"},\"inLanguage\":\"en\",\"potentialAction\":[{\"@type\":\"ReadAction\",\"target\":[\"https:\\\/\\\/filminstitut.at\\\/en\\\/movies\\\/the-silent-mountain\"]}]},{\"@type\":\"ImageObject\",\"inLanguage\":\"en\",\"@id\":\"https:\\\/\\\/filminstitut.at\\\/en\\\/movies\\\/the-silent-mountain#primaryimage\",\"url\":\"https:\\\/\\\/filminstitut.at\\\/wp-content\\\/uploads\\\/2020\\\/02\\\/57a1aedb95c1e.jpg\",\"contentUrl\":\"https:\\\/\\\/filminstitut.at\\\/wp-content\\\/uploads\\\/2020\\\/02\\\/57a1aedb95c1e.jpg\",\"width\":1138,\"height\":1600},{\"@type\":\"BreadcrumbList\",\"@id\":\"https:\\\/\\\/filminstitut.at\\\/en\\\/movies\\\/the-silent-mountain#breadcrumb\",\"itemListElement\":[{\"@type\":\"ListItem\",\"position\":1,\"name\":\"Home\",\"item\":\"https:\\\/\\\/filminstitut.at\\\/en\"},{\"@type\":\"ListItem\",\"position\":2,\"name\":\"Filme\",\"item\":\"https:\\\/\\\/filminstitut.at\\\/en\\\/movies\"},{\"@type\":\"ListItem\",\"position\":3,\"name\":\"The Silent Mountain\"}]},{\"@type\":\"WebSite\",\"@id\":\"https:\\\/\\\/filminstitut.at\\\/en#website\",\"url\":\"https:\\\/\\\/filminstitut.at\\\/en\",\"name\":\"\u00d6sterreichisches Filminstitut\",\"description\":\"Das \u00d6sterreichische Filminstitut ist die bundesweite F\u00f6rderstelle und Kompetenzzentrum f\u00fcr den Kinofilm.\",\"publisher\":{\"@id\":\"https:\\\/\\\/filminstitut.at\\\/en#organization\"},\"potentialAction\":[{\"@type\":\"SearchAction\",\"target\":{\"@type\":\"EntryPoint\",\"urlTemplate\":\"https:\\\/\\\/filminstitut.at\\\/en?s={search_term_string}\"},\"query-input\":{\"@type\":\"PropertyValueSpecification\",\"valueRequired\":true,\"valueName\":\"search_term_string\"}}],\"inLanguage\":\"en\"},{\"@type\":\"Organization\",\"@id\":\"https:\\\/\\\/filminstitut.at\\\/en#organization\",\"name\":\"\u00d6sterreichisches Filminstitut\",\"url\":\"https:\\\/\\\/filminstitut.at\\\/en\",\"logo\":{\"@type\":\"ImageObject\",\"inLanguage\":\"en\",\"@id\":\"https:\\\/\\\/filminstitut.at\\\/en#\\\/schema\\\/logo\\\/image\\\/\",\"url\":\"https:\\\/\\\/filminstitut.at\\\/wp-content\\\/uploads\\\/2025\\\/09\\\/OeFI_Logo_pos-scaled.jpg\",\"contentUrl\":\"https:\\\/\\\/filminstitut.at\\\/wp-content\\\/uploads\\\/2025\\\/09\\\/OeFI_Logo_pos-scaled.jpg\",\"width\":2560,\"height\":694,\"caption\":\"\u00d6sterreichisches Filminstitut\"},\"image\":{\"@id\":\"https:\\\/\\\/filminstitut.at\\\/en#\\\/schema\\\/logo\\\/image\\\/\"},\"sameAs\":[\"https:\\\/\\\/www.facebook.com\\\/filminstitut\",\"https:\\\/\\\/at.linkedin.com\\\/company\\\/sterreichisches-filminstitut\",\"https:\\\/\\\/www.instagram.com\\\/filminstitut\"]}]}<\/script>\n<!-- \/ Yoast SEO plugin. -->","yoast_head_json":{"title":"The Silent Mountain - \u00d6sterreichisches Filminstitut","robots":{"index":"index","follow":"follow","max-snippet":"max-snippet:-1","max-image-preview":"max-image-preview:large","max-video-preview":"max-video-preview:-1"},"canonical":"https:\/\/filminstitut.at\/en\/movies\/the-silent-mountain","og_locale":"en_US","og_type":"article","og_title":"The Silent Mountain - \u00d6sterreichisches Filminstitut","og_description":"At his sister\u2019s wedding, Andreas (20) from Tirol, discovers the opposite sex for the first time in his life, but the young love has no time to blossom, because the very next day Andreas is sent off to new front lines in the mountains. Italy has declared war against Austria. World War I steamrolls through &hellip; Continued","og_url":"https:\/\/filminstitut.at\/en\/movies\/the-silent-mountain","og_site_name":"\u00d6sterreichisches Filminstitut","article_publisher":"https:\/\/www.facebook.com\/filminstitut","article_modified_time":"2026-03-16T14:09:36+00:00","og_image":[{"width":1138,"height":1600,"url":"https:\/\/filminstitut.at\/wp-content\/uploads\/2020\/02\/57a1aedb95c1e.jpg","type":"image\/jpeg"}],"twitter_card":"summary_large_image","schema":{"@context":"https:\/\/schema.org","@graph":[{"@type":"WebPage","@id":"https:\/\/filminstitut.at\/en\/movies\/the-silent-mountain","url":"https:\/\/filminstitut.at\/en\/movies\/the-silent-mountain","name":"The Silent Mountain - \u00d6sterreichisches Filminstitut","isPartOf":{"@id":"https:\/\/filminstitut.at\/en#website"},"primaryImageOfPage":{"@id":"https:\/\/filminstitut.at\/en\/movies\/the-silent-mountain#primaryimage"},"image":{"@id":"https:\/\/filminstitut.at\/en\/movies\/the-silent-mountain#primaryimage"},"thumbnailUrl":"https:\/\/filminstitut.at\/wp-content\/uploads\/2020\/02\/57a1aedb95c1e.jpg","datePublished":"2020-07-19T13:59:11+00:00","dateModified":"2026-03-16T14:09:36+00:00","breadcrumb":{"@id":"https:\/\/filminstitut.at\/en\/movies\/the-silent-mountain#breadcrumb"},"inLanguage":"en","potentialAction":[{"@type":"ReadAction","target":["https:\/\/filminstitut.at\/en\/movies\/the-silent-mountain"]}]},{"@type":"ImageObject","inLanguage":"en","@id":"https:\/\/filminstitut.at\/en\/movies\/the-silent-mountain#primaryimage","url":"https:\/\/filminstitut.at\/wp-content\/uploads\/2020\/02\/57a1aedb95c1e.jpg","contentUrl":"https:\/\/filminstitut.at\/wp-content\/uploads\/2020\/02\/57a1aedb95c1e.jpg","width":1138,"height":1600},{"@type":"BreadcrumbList","@id":"https:\/\/filminstitut.at\/en\/movies\/the-silent-mountain#breadcrumb","itemListElement":[{"@type":"ListItem","position":1,"name":"Home","item":"https:\/\/filminstitut.at\/en"},{"@type":"ListItem","position":2,"name":"Filme","item":"https:\/\/filminstitut.at\/en\/movies"},{"@type":"ListItem","position":3,"name":"The Silent Mountain"}]},{"@type":"WebSite","@id":"https:\/\/filminstitut.at\/en#website","url":"https:\/\/filminstitut.at\/en","name":"\u00d6sterreichisches Filminstitut","description":"Das \u00d6sterreichische Filminstitut ist die bundesweite F\u00f6rderstelle und Kompetenzzentrum f\u00fcr den Kinofilm.","publisher":{"@id":"https:\/\/filminstitut.at\/en#organization"},"potentialAction":[{"@type":"SearchAction","target":{"@type":"EntryPoint","urlTemplate":"https:\/\/filminstitut.at\/en?s={search_term_string}"},"query-input":{"@type":"PropertyValueSpecification","valueRequired":true,"valueName":"search_term_string"}}],"inLanguage":"en"},{"@type":"Organization","@id":"https:\/\/filminstitut.at\/en#organization","name":"\u00d6sterreichisches Filminstitut","url":"https:\/\/filminstitut.at\/en","logo":{"@type":"ImageObject","inLanguage":"en","@id":"https:\/\/filminstitut.at\/en#\/schema\/logo\/image\/","url":"https:\/\/filminstitut.at\/wp-content\/uploads\/2025\/09\/OeFI_Logo_pos-scaled.jpg","contentUrl":"https:\/\/filminstitut.at\/wp-content\/uploads\/2025\/09\/OeFI_Logo_pos-scaled.jpg","width":2560,"height":694,"caption":"\u00d6sterreichisches Filminstitut"},"image":{"@id":"https:\/\/filminstitut.at\/en#\/schema\/logo\/image\/"},"sameAs":["https:\/\/www.facebook.com\/filminstitut","https:\/\/at.linkedin.com\/company\/sterreichisches-filminstitut","https:\/\/www.instagram.com\/filminstitut"]}]}},"featured_img":"https:\/\/filminstitut.at\/wp-content\/uploads\/2020\/02\/57a1aedb95c1e.jpg","coauthors":[],"author_meta":{"author_link":"https:\/\/filminstitut.at\/en\/author\/fkm","display_name":"fkm"},"relative_dates":{"created":"Posted 6 years ago","modified":"Updated 2 months ago"},"absolute_dates":{"created":"Posted on 19. July 2020","modified":"Updated on 16. March 2026"},"absolute_dates_time":{"created":"Posted on 19. July 2020 13:59","modified":"Updated on 16. March 2026 15:09"},"featured_img_caption":"","tax_additional":{"director":{"linked":["<a href=\"https:\/\/filminstitut.at\/en\/director\/ernst-gossner-en\" class=\"advgb-post-tax-term\">Ernst Gossner<\/a>"],"unlinked":["<span class=\"advgb-post-tax-term\">Ernst Gossner<\/span>"],"slug":"director","name":"Directors"},"producer":{"linked":["<a href=\"https:\/\/filminstitut.at\/en\/producer\/sigma-filmproduktion-gmbh-en\" class=\"advgb-post-tax-term\">SIGMA Filmproduktion GmbH<\/a>","<a href=\"https:\/\/filminstitut.at\/en\/producer\/bilgeri-film-productions-gmbh-en\" class=\"advgb-post-tax-term\">Bilgeri Film Productions GmbH<\/a>"],"unlinked":["<span class=\"advgb-post-tax-term\">SIGMA Filmproduktion GmbH<\/span>","<span class=\"advgb-post-tax-term\">Bilgeri Film Productions GmbH<\/span>"],"slug":"producer","name":"Production"},"genre":{"linked":[],"unlinked":[],"slug":"genre","name":"Genres"},"fond":{"linked":["<a href=\"https:\/\/filminstitut.at\/en\/fond\/filminstitut-en\" class=\"advgb-post-tax-term\">Filminstitut<\/a>","<a href=\"https:\/\/filminstitut.at\/en\/fond\/filmfonds-wien-en\" class=\"advgb-post-tax-term\">Filmfonds Wien<\/a>","<a href=\"https:\/\/filminstitut.at\/en\/fond\/filmstandort-austria-en\" class=\"advgb-post-tax-term\">Filmstandort Austria<\/a>","<a href=\"https:\/\/filminstitut.at\/en\/fond\/cine-tirol-en\" class=\"advgb-post-tax-term\">Cine Tirol<\/a>"],"unlinked":["<span class=\"advgb-post-tax-term\">Filminstitut<\/span>","<span class=\"advgb-post-tax-term\">Filmfonds Wien<\/span>","<span class=\"advgb-post-tax-term\">Filmstandort Austria<\/span>","<span class=\"advgb-post-tax-term\">Cine Tirol<\/span>"],"slug":"fond","name":"F\u00f6rderungen \u00d6"},"distributor":{"linked":[],"unlinked":[],"slug":"distributor","name":"Weltvertriebe"},"rental":{"linked":["<a href=\"https:\/\/filminstitut.at\/en\/rental\/constantin-film-holding-gesellschaft-m-b-h\" class=\"advgb-post-tax-term\">Constantin Film-Holding Gesellschaft m.b.H.<\/a>"],"unlinked":["<span class=\"advgb-post-tax-term\">Constantin Film-Holding Gesellschaft m.b.H.<\/span>"],"slug":"rental","name":"Verleihe"},"movie-category":{"linked":["<a href=\"https:\/\/filminstitut.at\/en\/movie-category\/feature-film-en\" class=\"advgb-post-tax-term\">Feature Film<\/a>"],"unlinked":["<span class=\"advgb-post-tax-term\">Feature Film<\/span>"],"slug":"movie-category","name":"Categories"},"tag":{"linked":[],"unlinked":[],"slug":"tag","name":"Tags"},"funding_program":{"linked":["<a href=\"https:\/\/filminstitut.at\/en\/funding_program\/oefi\" class=\"advgb-post-tax-term\">\u00d6FI<\/a>"],"unlinked":["<span class=\"advgb-post-tax-term\">\u00d6FI<\/span>"],"slug":"funding_program","name":"F\u00f6rderprogramme"},"incentive":{"linked":[],"unlinked":[],"slug":"incentive","name":"Incentives"}},"series_order":"","_links":{"self":[{"href":"https:\/\/filminstitut.at\/en\/wp-json\/wp\/v2\/movie\/32298","targetHints":{"allow":["GET"]}}],"collection":[{"href":"https:\/\/filminstitut.at\/en\/wp-json\/wp\/v2\/movie"}],"about":[{"href":"https:\/\/filminstitut.at\/en\/wp-json\/wp\/v2\/types\/movie"}],"version-history":[{"count":1,"href":"https:\/\/filminstitut.at\/en\/wp-json\/wp\/v2\/movie\/32298\/revisions"}],"predecessor-version":[{"id":81980,"href":"https:\/\/filminstitut.at\/en\/wp-json\/wp\/v2\/movie\/32298\/revisions\/81980"}],"wp:featuredmedia":[{"embeddable":true,"href":"https:\/\/filminstitut.at\/en\/wp-json\/wp\/v2\/media\/8506"}],"wp:attachment":[{"href":"https:\/\/filminstitut.at\/en\/wp-json\/wp\/v2\/media?parent=32298"}],"wp:term":[{"taxonomy":"director","embeddable":true,"href":"https:\/\/filminstitut.at\/en\/wp-json\/wp\/v2\/director?post=32298"},{"taxonomy":"producer","embeddable":true,"href":"https:\/\/filminstitut.at\/en\/wp-json\/wp\/v2\/producer?post=32298"},{"taxonomy":"genre","embeddable":true,"href":"https:\/\/filminstitut.at\/en\/wp-json\/wp\/v2\/genre?post=32298"},{"taxonomy":"fond","embeddable":true,"href":"https:\/\/filminstitut.at\/en\/wp-json\/wp\/v2\/fond?post=32298"},{"taxonomy":"distributor","embeddable":true,"href":"https:\/\/filminstitut.at\/en\/wp-json\/wp\/v2\/distributor?post=32298"},{"taxonomy":"rental","embeddable":true,"href":"https:\/\/filminstitut.at\/en\/wp-json\/wp\/v2\/rental?post=32298"},{"taxonomy":"movie-category","embeddable":true,"href":"https:\/\/filminstitut.at\/en\/wp-json\/wp\/v2\/movie-category?post=32298"},{"taxonomy":"tag","embeddable":true,"href":"https:\/\/filminstitut.at\/en\/wp-json\/wp\/v2\/tag?post=32298"},{"taxonomy":"funding_program","embeddable":true,"href":"https:\/\/filminstitut.at\/en\/wp-json\/wp\/v2\/funding_program?post=32298"},{"taxonomy":"incentive","embeddable":true,"href":"https:\/\/filminstitut.at\/en\/wp-json\/wp\/v2\/incentive?post=32298"}],"curies":[{"name":"wp","href":"https:\/\/api.w.org\/{rel}","templated":true}]}}