{"id":32173,"date":"2020-07-19T13:59:11","date_gmt":"2020-07-19T13:59:11","guid":{"rendered":"https:\/\/filminstitut.at\/filme\/wie-man-leben-soll"},"modified":"2026-03-16T15:07:40","modified_gmt":"2026-03-16T14:07:40","slug":"the-way-to-live","status":"publish","type":"movie","link":"https:\/\/filminstitut.at\/en\/movies\/the-way-to-live","title":{"rendered":"The Way to Live"},"content":{"rendered":"<p>Charlie &#8211; 18 years old, plump, clumsy and lovable &#8211; is a &quot;sitter&quot;, as he discovers from one of his self-help books. But even the laziest among us have to grow up in the end &#8211; and you know what? That can be exciting as well &#8211; and entertaining for us who are watching him.<\/p>\n","protected":false},"author":1,"featured_media":8720,"template":"","director":[7425],"producer":[5682],"genre":[],"fond":[6191,6193],"distributor":[],"rental":[9108],"movie-category":[5663],"tag":[],"funding_program":[9991],"incentive":[],"class_list":["post-32173","movie","type-movie","status-publish","has-post-thumbnail","hentry","director-david-schalko-en","producer-dor-film-produktionsgesellschaft-mbh-en","fond-filminstitut-en","fond-filmfonds-wien-en","rental-luna-filmverleih-gmbh-en","movie-category-feature-film-en"],"acf":[],"yoast_head":"<!-- This site is optimized with the Yoast SEO plugin v27.5 - https:\/\/yoast.com\/product\/yoast-seo-wordpress\/ -->\n<title>The Way to Live - \u00d6sterreichisches Filminstitut<\/title>\n<meta name=\"robots\" content=\"index, follow, max-snippet:-1, max-image-preview:large, max-video-preview:-1\" \/>\n<link rel=\"canonical\" href=\"https:\/\/filminstitut.at\/en\/movies\/the-way-to-live\" \/>\n<meta property=\"og:locale\" content=\"en_US\" \/>\n<meta property=\"og:type\" content=\"article\" \/>\n<meta property=\"og:title\" content=\"The Way to Live - \u00d6sterreichisches Filminstitut\" \/>\n<meta property=\"og:description\" content=\"Charlie &#8211; 18 years old, plump, clumsy and lovable &#8211; is a &quot;sitter&quot;, as he discovers from one of his self-help books. But even the laziest among us have to grow up in the end &#8211; and you know what? That can be exciting as well &#8211; and entertaining for us who are watching him.\" \/>\n<meta property=\"og:url\" content=\"https:\/\/filminstitut.at\/en\/movies\/the-way-to-live\" \/>\n<meta property=\"og:site_name\" content=\"\u00d6sterreichisches Filminstitut\" \/>\n<meta property=\"article:publisher\" content=\"https:\/\/www.facebook.com\/filminstitut\" \/>\n<meta property=\"article:modified_time\" content=\"2026-03-16T14:07:40+00:00\" \/>\n<meta property=\"og:image\" content=\"https:\/\/filminstitut.at\/wp-content\/uploads\/2020\/02\/57a88e03107c3.jpg\" \/>\n\t<meta property=\"og:image:width\" content=\"1132\" \/>\n\t<meta property=\"og:image:height\" content=\"1596\" \/>\n\t<meta property=\"og:image:type\" content=\"image\/jpeg\" \/>\n<meta name=\"twitter:card\" content=\"summary_large_image\" \/>\n<script type=\"application\/ld+json\" class=\"yoast-schema-graph\">{\"@context\":\"https:\\\/\\\/schema.org\",\"@graph\":[{\"@type\":\"WebPage\",\"@id\":\"https:\\\/\\\/filminstitut.at\\\/en\\\/movies\\\/the-way-to-live\",\"url\":\"https:\\\/\\\/filminstitut.at\\\/en\\\/movies\\\/the-way-to-live\",\"name\":\"The Way to Live - \u00d6sterreichisches Filminstitut\",\"isPartOf\":{\"@id\":\"https:\\\/\\\/filminstitut.at\\\/en#website\"},\"primaryImageOfPage\":{\"@id\":\"https:\\\/\\\/filminstitut.at\\\/en\\\/movies\\\/the-way-to-live#primaryimage\"},\"image\":{\"@id\":\"https:\\\/\\\/filminstitut.at\\\/en\\\/movies\\\/the-way-to-live#primaryimage\"},\"thumbnailUrl\":\"https:\\\/\\\/filminstitut.at\\\/wp-content\\\/uploads\\\/2020\\\/02\\\/57a88e03107c3.jpg\",\"datePublished\":\"2020-07-19T13:59:11+00:00\",\"dateModified\":\"2026-03-16T14:07:40+00:00\",\"breadcrumb\":{\"@id\":\"https:\\\/\\\/filminstitut.at\\\/en\\\/movies\\\/the-way-to-live#breadcrumb\"},\"inLanguage\":\"en\",\"potentialAction\":[{\"@type\":\"ReadAction\",\"target\":[\"https:\\\/\\\/filminstitut.at\\\/en\\\/movies\\\/the-way-to-live\"]}]},{\"@type\":\"ImageObject\",\"inLanguage\":\"en\",\"@id\":\"https:\\\/\\\/filminstitut.at\\\/en\\\/movies\\\/the-way-to-live#primaryimage\",\"url\":\"https:\\\/\\\/filminstitut.at\\\/wp-content\\\/uploads\\\/2020\\\/02\\\/57a88e03107c3.jpg\",\"contentUrl\":\"https:\\\/\\\/filminstitut.at\\\/wp-content\\\/uploads\\\/2020\\\/02\\\/57a88e03107c3.jpg\",\"width\":1132,\"height\":1596,\"caption\":\"Filmplakat von \\\"Wie man leben soll\\\" mit einer Vielzahl von Personen unterschiedlicher Altersgruppen und Hintergr\u00fcnde, der Mittelpunkt ist eine freudig gestikulierende, st\u00e4mmige Person in einem beigen Anzug vor einem blauen Himmel mit Wolken und Kuchenst\u00fccken, der Titel in gro\u00dfen wei\u00dfen und blauen Buchstaben unten in der Bildmitte.\"},{\"@type\":\"BreadcrumbList\",\"@id\":\"https:\\\/\\\/filminstitut.at\\\/en\\\/movies\\\/the-way-to-live#breadcrumb\",\"itemListElement\":[{\"@type\":\"ListItem\",\"position\":1,\"name\":\"Home\",\"item\":\"https:\\\/\\\/filminstitut.at\\\/en\"},{\"@type\":\"ListItem\",\"position\":2,\"name\":\"Filme\",\"item\":\"https:\\\/\\\/filminstitut.at\\\/en\\\/movies\"},{\"@type\":\"ListItem\",\"position\":3,\"name\":\"The Way to Live\"}]},{\"@type\":\"WebSite\",\"@id\":\"https:\\\/\\\/filminstitut.at\\\/en#website\",\"url\":\"https:\\\/\\\/filminstitut.at\\\/en\",\"name\":\"\u00d6sterreichisches Filminstitut\",\"description\":\"Das \u00d6sterreichische Filminstitut ist die bundesweite F\u00f6rderstelle und Kompetenzzentrum f\u00fcr den Kinofilm.\",\"publisher\":{\"@id\":\"https:\\\/\\\/filminstitut.at\\\/en#organization\"},\"potentialAction\":[{\"@type\":\"SearchAction\",\"target\":{\"@type\":\"EntryPoint\",\"urlTemplate\":\"https:\\\/\\\/filminstitut.at\\\/en?s={search_term_string}\"},\"query-input\":{\"@type\":\"PropertyValueSpecification\",\"valueRequired\":true,\"valueName\":\"search_term_string\"}}],\"inLanguage\":\"en\"},{\"@type\":\"Organization\",\"@id\":\"https:\\\/\\\/filminstitut.at\\\/en#organization\",\"name\":\"\u00d6sterreichisches Filminstitut\",\"url\":\"https:\\\/\\\/filminstitut.at\\\/en\",\"logo\":{\"@type\":\"ImageObject\",\"inLanguage\":\"en\",\"@id\":\"https:\\\/\\\/filminstitut.at\\\/en#\\\/schema\\\/logo\\\/image\\\/\",\"url\":\"https:\\\/\\\/filminstitut.at\\\/wp-content\\\/uploads\\\/2025\\\/09\\\/OeFI_Logo_pos-scaled.jpg\",\"contentUrl\":\"https:\\\/\\\/filminstitut.at\\\/wp-content\\\/uploads\\\/2025\\\/09\\\/OeFI_Logo_pos-scaled.jpg\",\"width\":2560,\"height\":694,\"caption\":\"\u00d6sterreichisches Filminstitut\"},\"image\":{\"@id\":\"https:\\\/\\\/filminstitut.at\\\/en#\\\/schema\\\/logo\\\/image\\\/\"},\"sameAs\":[\"https:\\\/\\\/www.facebook.com\\\/filminstitut\",\"https:\\\/\\\/at.linkedin.com\\\/company\\\/sterreichisches-filminstitut\",\"https:\\\/\\\/www.instagram.com\\\/filminstitut\"]}]}<\/script>\n<!-- \/ Yoast SEO plugin. -->","yoast_head_json":{"title":"The Way to Live - \u00d6sterreichisches Filminstitut","robots":{"index":"index","follow":"follow","max-snippet":"max-snippet:-1","max-image-preview":"max-image-preview:large","max-video-preview":"max-video-preview:-1"},"canonical":"https:\/\/filminstitut.at\/en\/movies\/the-way-to-live","og_locale":"en_US","og_type":"article","og_title":"The Way to Live - \u00d6sterreichisches Filminstitut","og_description":"Charlie &#8211; 18 years old, plump, clumsy and lovable &#8211; is a &quot;sitter&quot;, as he discovers from one of his self-help books. But even the laziest among us have to grow up in the end &#8211; and you know what? That can be exciting as well &#8211; and entertaining for us who are watching him.","og_url":"https:\/\/filminstitut.at\/en\/movies\/the-way-to-live","og_site_name":"\u00d6sterreichisches Filminstitut","article_publisher":"https:\/\/www.facebook.com\/filminstitut","article_modified_time":"2026-03-16T14:07:40+00:00","og_image":[{"width":1132,"height":1596,"url":"https:\/\/filminstitut.at\/wp-content\/uploads\/2020\/02\/57a88e03107c3.jpg","type":"image\/jpeg"}],"twitter_card":"summary_large_image","schema":{"@context":"https:\/\/schema.org","@graph":[{"@type":"WebPage","@id":"https:\/\/filminstitut.at\/en\/movies\/the-way-to-live","url":"https:\/\/filminstitut.at\/en\/movies\/the-way-to-live","name":"The Way to Live - \u00d6sterreichisches Filminstitut","isPartOf":{"@id":"https:\/\/filminstitut.at\/en#website"},"primaryImageOfPage":{"@id":"https:\/\/filminstitut.at\/en\/movies\/the-way-to-live#primaryimage"},"image":{"@id":"https:\/\/filminstitut.at\/en\/movies\/the-way-to-live#primaryimage"},"thumbnailUrl":"https:\/\/filminstitut.at\/wp-content\/uploads\/2020\/02\/57a88e03107c3.jpg","datePublished":"2020-07-19T13:59:11+00:00","dateModified":"2026-03-16T14:07:40+00:00","breadcrumb":{"@id":"https:\/\/filminstitut.at\/en\/movies\/the-way-to-live#breadcrumb"},"inLanguage":"en","potentialAction":[{"@type":"ReadAction","target":["https:\/\/filminstitut.at\/en\/movies\/the-way-to-live"]}]},{"@type":"ImageObject","inLanguage":"en","@id":"https:\/\/filminstitut.at\/en\/movies\/the-way-to-live#primaryimage","url":"https:\/\/filminstitut.at\/wp-content\/uploads\/2020\/02\/57a88e03107c3.jpg","contentUrl":"https:\/\/filminstitut.at\/wp-content\/uploads\/2020\/02\/57a88e03107c3.jpg","width":1132,"height":1596,"caption":"Filmplakat von \"Wie man leben soll\" mit einer Vielzahl von Personen unterschiedlicher Altersgruppen und Hintergr\u00fcnde, der Mittelpunkt ist eine freudig gestikulierende, st\u00e4mmige Person in einem beigen Anzug vor einem blauen Himmel mit Wolken und Kuchenst\u00fccken, der Titel in gro\u00dfen wei\u00dfen und blauen Buchstaben unten in der Bildmitte."},{"@type":"BreadcrumbList","@id":"https:\/\/filminstitut.at\/en\/movies\/the-way-to-live#breadcrumb","itemListElement":[{"@type":"ListItem","position":1,"name":"Home","item":"https:\/\/filminstitut.at\/en"},{"@type":"ListItem","position":2,"name":"Filme","item":"https:\/\/filminstitut.at\/en\/movies"},{"@type":"ListItem","position":3,"name":"The Way to Live"}]},{"@type":"WebSite","@id":"https:\/\/filminstitut.at\/en#website","url":"https:\/\/filminstitut.at\/en","name":"\u00d6sterreichisches Filminstitut","description":"Das \u00d6sterreichische Filminstitut ist die bundesweite F\u00f6rderstelle und Kompetenzzentrum f\u00fcr den Kinofilm.","publisher":{"@id":"https:\/\/filminstitut.at\/en#organization"},"potentialAction":[{"@type":"SearchAction","target":{"@type":"EntryPoint","urlTemplate":"https:\/\/filminstitut.at\/en?s={search_term_string}"},"query-input":{"@type":"PropertyValueSpecification","valueRequired":true,"valueName":"search_term_string"}}],"inLanguage":"en"},{"@type":"Organization","@id":"https:\/\/filminstitut.at\/en#organization","name":"\u00d6sterreichisches Filminstitut","url":"https:\/\/filminstitut.at\/en","logo":{"@type":"ImageObject","inLanguage":"en","@id":"https:\/\/filminstitut.at\/en#\/schema\/logo\/image\/","url":"https:\/\/filminstitut.at\/wp-content\/uploads\/2025\/09\/OeFI_Logo_pos-scaled.jpg","contentUrl":"https:\/\/filminstitut.at\/wp-content\/uploads\/2025\/09\/OeFI_Logo_pos-scaled.jpg","width":2560,"height":694,"caption":"\u00d6sterreichisches Filminstitut"},"image":{"@id":"https:\/\/filminstitut.at\/en#\/schema\/logo\/image\/"},"sameAs":["https:\/\/www.facebook.com\/filminstitut","https:\/\/at.linkedin.com\/company\/sterreichisches-filminstitut","https:\/\/www.instagram.com\/filminstitut"]}]}},"featured_img":"https:\/\/filminstitut.at\/wp-content\/uploads\/2020\/02\/57a88e03107c3.jpg","coauthors":[],"author_meta":{"author_link":"https:\/\/filminstitut.at\/en\/author\/fkm","display_name":"fkm"},"relative_dates":{"created":"Posted 6 years ago","modified":"Updated 1 month ago"},"absolute_dates":{"created":"Posted on 19. July 2020","modified":"Updated on 16. March 2026"},"absolute_dates_time":{"created":"Posted on 19. July 2020 13:59","modified":"Updated on 16. March 2026 15:07"},"featured_img_caption":"","tax_additional":{"director":{"linked":["<a href=\"https:\/\/filminstitut.at\/en\/director\/david-schalko-en\" class=\"advgb-post-tax-term\">David Schalko<\/a>"],"unlinked":["<span class=\"advgb-post-tax-term\">David Schalko<\/span>"],"slug":"director","name":"Directors"},"producer":{"linked":["<a href=\"https:\/\/filminstitut.at\/en\/producer\/dor-film-produktionsgesellschaft-mbh-en\" class=\"advgb-post-tax-term\">DOR FILM Produktionsgesellschaft m.b.H.<\/a>"],"unlinked":["<span class=\"advgb-post-tax-term\">DOR FILM Produktionsgesellschaft m.b.H.<\/span>"],"slug":"producer","name":"Production"},"genre":{"linked":[],"unlinked":[],"slug":"genre","name":"Genres"},"fond":{"linked":["<a href=\"https:\/\/filminstitut.at\/en\/fond\/filminstitut-en\" class=\"advgb-post-tax-term\">Filminstitut<\/a>","<a href=\"https:\/\/filminstitut.at\/en\/fond\/filmfonds-wien-en\" class=\"advgb-post-tax-term\">Filmfonds Wien<\/a>"],"unlinked":["<span class=\"advgb-post-tax-term\">Filminstitut<\/span>","<span class=\"advgb-post-tax-term\">Filmfonds Wien<\/span>"],"slug":"fond","name":"F\u00f6rderungen \u00d6"},"distributor":{"linked":[],"unlinked":[],"slug":"distributor","name":"Weltvertriebe"},"rental":{"linked":["<a href=\"https:\/\/filminstitut.at\/en\/rental\/luna-filmverleih-gmbh-en\" class=\"advgb-post-tax-term\">Luna Filmverleih GmbH<\/a>"],"unlinked":["<span class=\"advgb-post-tax-term\">Luna Filmverleih GmbH<\/span>"],"slug":"rental","name":"Verleihe"},"movie-category":{"linked":["<a href=\"https:\/\/filminstitut.at\/en\/movie-category\/feature-film-en\" class=\"advgb-post-tax-term\">Feature Film<\/a>"],"unlinked":["<span class=\"advgb-post-tax-term\">Feature Film<\/span>"],"slug":"movie-category","name":"Categories"},"tag":{"linked":[],"unlinked":[],"slug":"tag","name":"Tags"},"funding_program":{"linked":["<a href=\"https:\/\/filminstitut.at\/en\/funding_program\/oefi\" class=\"advgb-post-tax-term\">\u00d6FI<\/a>"],"unlinked":["<span class=\"advgb-post-tax-term\">\u00d6FI<\/span>"],"slug":"funding_program","name":"F\u00f6rderprogramme"},"incentive":{"linked":[],"unlinked":[],"slug":"incentive","name":"Incentives"}},"series_order":"","_links":{"self":[{"href":"https:\/\/filminstitut.at\/en\/wp-json\/wp\/v2\/movie\/32173","targetHints":{"allow":["GET"]}}],"collection":[{"href":"https:\/\/filminstitut.at\/en\/wp-json\/wp\/v2\/movie"}],"about":[{"href":"https:\/\/filminstitut.at\/en\/wp-json\/wp\/v2\/types\/movie"}],"version-history":[{"count":1,"href":"https:\/\/filminstitut.at\/en\/wp-json\/wp\/v2\/movie\/32173\/revisions"}],"predecessor-version":[{"id":81956,"href":"https:\/\/filminstitut.at\/en\/wp-json\/wp\/v2\/movie\/32173\/revisions\/81956"}],"wp:featuredmedia":[{"embeddable":true,"href":"https:\/\/filminstitut.at\/en\/wp-json\/wp\/v2\/media\/8720"}],"wp:attachment":[{"href":"https:\/\/filminstitut.at\/en\/wp-json\/wp\/v2\/media?parent=32173"}],"wp:term":[{"taxonomy":"director","embeddable":true,"href":"https:\/\/filminstitut.at\/en\/wp-json\/wp\/v2\/director?post=32173"},{"taxonomy":"producer","embeddable":true,"href":"https:\/\/filminstitut.at\/en\/wp-json\/wp\/v2\/producer?post=32173"},{"taxonomy":"genre","embeddable":true,"href":"https:\/\/filminstitut.at\/en\/wp-json\/wp\/v2\/genre?post=32173"},{"taxonomy":"fond","embeddable":true,"href":"https:\/\/filminstitut.at\/en\/wp-json\/wp\/v2\/fond?post=32173"},{"taxonomy":"distributor","embeddable":true,"href":"https:\/\/filminstitut.at\/en\/wp-json\/wp\/v2\/distributor?post=32173"},{"taxonomy":"rental","embeddable":true,"href":"https:\/\/filminstitut.at\/en\/wp-json\/wp\/v2\/rental?post=32173"},{"taxonomy":"movie-category","embeddable":true,"href":"https:\/\/filminstitut.at\/en\/wp-json\/wp\/v2\/movie-category?post=32173"},{"taxonomy":"tag","embeddable":true,"href":"https:\/\/filminstitut.at\/en\/wp-json\/wp\/v2\/tag?post=32173"},{"taxonomy":"funding_program","embeddable":true,"href":"https:\/\/filminstitut.at\/en\/wp-json\/wp\/v2\/funding_program?post=32173"},{"taxonomy":"incentive","embeddable":true,"href":"https:\/\/filminstitut.at\/en\/wp-json\/wp\/v2\/incentive?post=32173"}],"curies":[{"name":"wp","href":"https:\/\/api.w.org\/{rel}","templated":true}]}}